{"id":2693,"date":"2023-11-13T15:08:02","date_gmt":"2023-11-13T13:08:02","guid":{"rendered":"https:\/\/inklusiva.info\/rueckblick-inklusiva-2022\/"},"modified":"2023-12-08T17:12:54","modified_gmt":"2023-12-08T15:12:54","slug":"rueckblick-inklusiva-2022","status":"publish","type":"page","link":"https:\/\/old.inklusiva.org\/ls\/rueckblick-inklusiva-2022\/","title":{"rendered":"R\u00fcckblick INKLUSIVA-2022"},"content":{"rendered":"<p><div class=\"fusion-fullwidth fullwidth-box fusion-builder-row-1 has-pattern-background has-mask-background nonhundred-percent-fullwidth non-hundred-percent-height-scrolling\" style=\"--awb-border-radius-top-left:0px;--awb-border-radius-top-right:0px;--awb-border-radius-bottom-right:0px;--awb-border-radius-bottom-left:0px;--awb-flex-wrap:wrap;\" ><div class=\"fusion-builder-row fusion-row\"><div class=\"fusion-layout-column fusion_builder_column fusion-builder-column-0 fusion_builder_column_1_1 1_1 fusion-one-full fusion-column-first fusion-column-last\" style=\"--awb-bg-size:cover;\"><div class=\"fusion-column-wrapper fusion-column-has-shadow fusion-flex-column-wrapper-legacy\"><div class=\"fusion-title title fusion-title-1 fusion-title-center fusion-title-text fusion-title-size-two\" style=\"--awb-text-color:#064ea3;--awb-sep-color:#064ea3;\"><div class=\"title-sep-container title-sep-container-left\"><div class=\"title-sep sep-single sep-solid\" style=\"border-color:#064ea3;\"><\/div><\/div><span class=\"awb-title-spacer\"><\/span><h2 class=\"fusion-title-heading title-heading-center fusion-responsive-typography-calculated\" style=\"margin:0;--fontSize:40;line-height:1.4;\">INKLUSIVA 2022 &#8211; R\u00fcckblick<\/h2><span class=\"awb-title-spacer\"><\/span><div class=\"title-sep-container title-sep-container-right\"><div class=\"title-sep sep-single sep-solid\" style=\"border-color:#064ea3;\"><\/div><\/div><\/div><div class=\"fusion-text fusion-text-1\"><div class=\"page\" title=\"Page 2\">\n<div class=\"layoutArea\">Die 4. Inklusionsmesse, die INKLUSIVA 2022, fand im September 2022, am 2.9. digital und am 2.9. in Pr\u00e4senz auf dem Campus der Johannes Gutenberg-Universit\u00e4t Mainz statt. Mit dem Schwerpunkt \u201eTeilhabe f\u00fcr Alle! Wie wollen wir 2030 zusammenleben?\u201c gab es ein umfangreiches Angebot an Vortr\u00e4gen, Gespr\u00e4chsrunden und Workshops (INKLUSIVA-CAMPUS). Der inhaltliche Fokus lag hier auf den Lebensbereichen Arbeit, Bildung, Gesundheit und Freizeit. Neben den inhaltlichen Angeboten gab es im INKLUSIVA-FORUM Gelegenheit zum Austausch und zur Vernetzung von Engagierten und Interessierten. Ein gro\u00dfes Rahmenprogramm, INKLUSIVA-MOSAIK, pr\u00e4sentierte sich mit interessanten Angeboten zum pers\u00f6nlichen Erleben &amp; Erholen.<\/div>\n<\/div>\n<\/div><div class=\"fusion-clearfix\"><\/div><\/div><\/div><\/div><\/div><div class=\"fusion-fullwidth fullwidth-box fusion-builder-row-2 fusion-flex-container nonhundred-percent-fullwidth non-hundred-percent-height-scrolling\" style=\"--awb-border-radius-top-left:0px;--awb-border-radius-top-right:0px;--awb-border-radius-bottom-right:0px;--awb-border-radius-bottom-left:0px;--awb-padding-top:0px;--awb-padding-right:0px;--awb-padding-left:0px;--awb-margin-top:0px;--awb-margin-bottom:10px;--awb-flex-wrap:wrap;\" ><div class=\"fusion-builder-row fusion-row fusion-flex-align-items-stretch fusion-flex-content-wrap\" style=\"max-width:calc( 1200px + 0px );margin-left: calc(-0px \/ 2 );margin-right: calc(-0px \/ 2 );\"><div class=\"fusion-layout-column fusion_builder_column fusion-builder-column-1 fusion_builder_column_1_1 1_1 fusion-flex-column\" style=\"--awb-bg-size:cover;--awb-width-large:100%;--awb-margin-top-large:0px;--awb-spacing-right-large:0px;--awb-margin-bottom-large:0px;--awb-spacing-left-large:0px;--awb-width-medium:100%;--awb-order-medium:0;--awb-spacing-right-medium:0px;--awb-spacing-left-medium:0px;--awb-width-small:100%;--awb-order-small:0;--awb-spacing-right-small:0px;--awb-spacing-left-small:0px;\"><div class=\"fusion-column-wrapper fusion-column-has-shadow fusion-flex-justify-content-flex-start fusion-content-layout-column\"><div class=\"fusion-title title fusion-title-2 fusion-sep-none fusion-title-text fusion-title-size-one\"><h1 class=\"fusion-title-heading title-heading-left fusion-responsive-typography-calculated\" style=\"margin:0;--fontSize:50;line-height:1.4;\"><h1>Programm am 3.09.2022<\/h1><\/h1><\/div><div class=\"fusion-text fusion-text-2 fusion-text-no-margin\" style=\"--awb-margin-bottom:40px;\"><p>Die Angebote am 03.09.2022 finden an der Johannes Gutenberg-Universit\u00e4t statt. Die INKLUSIVA pr\u00e4sentiert sich in vollem Umfang in den R\u00e4umen des Philosophicums, sowie auf dem Vorplatz des Philosophicums und auf dem Vorplatz des Georg-Forster-Geb\u00e4udes. Die Messe wird um <strong>10 Uhr<\/strong> mit <strong>Gru\u00dfworten der Veranstalter*innen <\/strong>und<strong> Univ.-Prof. M\u00fcller-Stach,Vizepr\u00e4sident f\u00fcr Forschung und wissenschaftlichen Nachwuchs der Johannes Gutenberg-Universit\u00e4t Mainz<\/strong> er\u00f6ffnet.<\/p>\n<p>Hier gehts zur Wegbeschreibung: <a href=\"https:\/\/inklusiva.info\/besucher\/\">Wegbeschreibung<\/a>.<\/p>\n<\/div><\/div><\/div><div class=\"fusion-layout-column fusion_builder_column fusion-builder-column-2 fusion_builder_column_1_3 1_3 fusion-flex-column\" style=\"--awb-bg-color:#ffffff;--awb-bg-color-hover:#ffffff;--awb-bg-size:cover;--awb-width-large:33.3333333333%;--awb-margin-top-large:0px;--awb-spacing-right-large:0px;--awb-margin-bottom-large:0px;--awb-spacing-left-large:0px;--awb-width-medium:100%;--awb-order-medium:0;--awb-spacing-right-medium:0px;--awb-spacing-left-medium:0px;--awb-width-small:100%;--awb-order-small:0;--awb-spacing-right-small:0px;--awb-spacing-left-small:0px;\"><div class=\"fusion-column-wrapper fusion-column-has-shadow fusion-flex-justify-content-flex-start fusion-content-layout-column\"><div class=\"fusion-text fusion-text-3 fusion-text-no-margin\" style=\"--awb-content-alignment:left;--awb-margin-right:20px;--awb-margin-bottom:40px;\"><h4 style=\"--fontsize: 32; line-height: 1.35;\">INKLUSIVA-FORUM<\/h4>\n<p>Mit dabei sind vielf\u00e4ltige Initiativen und Dienstleister aus dem Inklusionsbereich. Eine \u00dcbersicht gibt es auf der Seite <a href=\"https:\/\/inklusiva.info\/ausstellende-2022\/\">Ausstellende 2022<\/a>. Wer noch dabei sein m\u00f6chte, kann sich \u00fcber diese Seite anmelden: <a href=\"https:\/\/inklusiva.info\/aussteller\/anmeldeformular\/\">Zum Anmeldeformular<\/a>.<\/p>\n<\/div><\/div><\/div><div class=\"fusion-layout-column fusion_builder_column fusion-builder-column-3 fusion_builder_column_1_3 1_3 fusion-flex-column\" style=\"--awb-bg-size:cover;--awb-width-large:33.3333333333%;--awb-margin-top-large:0px;--awb-spacing-right-large:30px;--awb-margin-bottom-large:0px;--awb-spacing-left-large:30px;--awb-width-medium:100%;--awb-order-medium:0;--awb-spacing-right-medium:0px;--awb-spacing-left-medium:0px;--awb-width-small:100%;--awb-order-small:0;--awb-spacing-right-small:0px;--awb-spacing-left-small:0px;\"><div class=\"fusion-column-wrapper fusion-column-has-shadow fusion-flex-justify-content-flex-start fusion-content-layout-column\"><div class=\"fusion-text fusion-text-4 fusion-text-no-margin\" style=\"--awb-content-alignment:left;--awb-margin-right:20px;--awb-margin-bottom:40px;--awb-margin-left:20px;\"><h4 class=\"fusion-responsive-typography-calculated\" style=\"--fontsize: 32; line-height: 1.35;\" data-fontsize=\"32\" data-lineheight=\"43.2px\">INKLUSIVA-CAMPUS<\/h4>\n<p>Eine \u00dcbersicht der Gespr\u00e4chsrunden, Vortr\u00e4ge und Workshops ist weiter unten zu finden. In den R\u00e4umen <strong>CAMPUS 1<\/strong> und in <strong>CAMPUS 2<\/strong> werden (live) \u00dcbersetzungen in DGS und Schrift angeboten. Die Angebote im Raum <strong>CAMPUS 2<\/strong> konnte au\u00dferdem als Livestream verfolgt werden.<\/p>\n<\/div><\/div><\/div><div class=\"fusion-layout-column fusion_builder_column fusion-builder-column-4 fusion_builder_column_1_3 1_3 fusion-flex-column\" style=\"--awb-bg-size:cover;--awb-width-large:33.3333333333%;--awb-margin-top-large:0px;--awb-spacing-right-large:10px;--awb-margin-bottom-large:0px;--awb-spacing-left-large:10px;--awb-width-medium:100%;--awb-order-medium:0;--awb-spacing-right-medium:0px;--awb-spacing-left-medium:0px;--awb-width-small:100%;--awb-order-small:0;--awb-spacing-right-small:0px;--awb-spacing-left-small:0px;\"><div class=\"fusion-column-wrapper fusion-column-has-shadow fusion-flex-justify-content-flex-start fusion-content-layout-column\"><div class=\"fusion-text fusion-text-5 fusion-text-no-margin\" style=\"--awb-content-alignment:left;--awb-margin-bottom:40px;--awb-margin-left:20px;\"><h4>INKLUSIVA-MOSAIK<\/h4>\n<p>Neben Essens- und Trinkm\u00f6glichkeiten gibt es folgende Angebote zum Erleben und Erfahren. Der Link f\u00fchrt zum Programm: <a href=\"https:\/\/inklusiva.info\/wp-content\/uploads\/2022\/09\/Programm_Ablauf.pdf\" target=\"_blank\" rel=\"noopener\">Programm<\/a>.<\/p>\n<\/div><div class=\"fusion-slider-sc\"><div class=\"fusion-flexslider-loading flexslider flexslider-hover-type-none\" data-slideshow_autoplay=\"1\" data-slideshow_smooth_height=\"0\" data-slideshow_speed=\"7000\" style=\"max-width:100%;height:100%;\"><ul class=\"slides\"><li class=\"image\"><a title=\"Impression Depression\" data-title=\"Impression Depression\" aria-label=\"Impression Depression\" href=\"https:\/\/doodle.com\/meeting\/participate\/id\/dyrroQVe\" target=\"_self\"><span class=\"fusion-image-hover-element hover-type-none\"><img decoding=\"async\" src=\"https:\/\/inklusiva.info\/wp-content\/uploads\/2022\/08\/Kai-Bosch-300x300.png\" width=\"300\" height=\"300\" class=\"wp-image-1864\" srcset=\"https:\/\/old.inklusiva.org\/wp-content\/uploads\/2022\/08\/Kai-Bosch-200x200.png 200w, https:\/\/old.inklusiva.org\/wp-content\/uploads\/2022\/08\/Kai-Bosch-400x400.png 400w, https:\/\/old.inklusiva.org\/wp-content\/uploads\/2022\/08\/Kai-Bosch-600x600.png 600w, https:\/\/old.inklusiva.org\/wp-content\/uploads\/2022\/08\/Kai-Bosch-800x800.png 800w, https:\/\/old.inklusiva.org\/wp-content\/uploads\/2022\/08\/Kai-Bosch.png 1080w\" sizes=\"(max-width: 1024px) 100vw, (max-width: 640px) 100vw, 600px\" \/><\/span><\/a><\/li><li class=\"image\"><span class=\"fusion-image-hover-element hover-type-none\"><img decoding=\"async\" src=\"https:\/\/inklusiva.info\/wp-content\/uploads\/2022\/08\/INKLUSIVA-Mosaik-300x300.png\" width=\"300\" height=\"300\" class=\"wp-image-1866\" srcset=\"https:\/\/old.inklusiva.org\/wp-content\/uploads\/2022\/08\/INKLUSIVA-Mosaik-200x200.png 200w, https:\/\/old.inklusiva.org\/wp-content\/uploads\/2022\/08\/INKLUSIVA-Mosaik-400x400.png 400w, https:\/\/old.inklusiva.org\/wp-content\/uploads\/2022\/08\/INKLUSIVA-Mosaik-600x600.png 600w, https:\/\/old.inklusiva.org\/wp-content\/uploads\/2022\/08\/INKLUSIVA-Mosaik-800x800.png 800w, https:\/\/old.inklusiva.org\/wp-content\/uploads\/2022\/08\/INKLUSIVA-Mosaik.png 1080w\" sizes=\"(max-width: 1024px) 100vw, (max-width: 640px) 100vw, 600px\" \/><\/span><\/li><li class=\"image\"><span class=\"fusion-image-hover-element hover-type-none\"><img decoding=\"async\" src=\"https:\/\/inklusiva.info\/wp-content\/uploads\/2022\/08\/4-300x300.png\" width=\"300\" height=\"300\" class=\"wp-image-1867\" srcset=\"https:\/\/old.inklusiva.org\/wp-content\/uploads\/2022\/08\/4-200x200.png 200w, https:\/\/old.inklusiva.org\/wp-content\/uploads\/2022\/08\/4-400x400.png 400w, https:\/\/old.inklusiva.org\/wp-content\/uploads\/2022\/08\/4-600x600.png 600w, https:\/\/old.inklusiva.org\/wp-content\/uploads\/2022\/08\/4-800x800.png 800w, https:\/\/old.inklusiva.org\/wp-content\/uploads\/2022\/08\/4.png 1080w\" sizes=\"(max-width: 1024px) 100vw, (max-width: 640px) 100vw, 600px\" \/><\/span><\/li><li class=\"image\"><span class=\"fusion-image-hover-element hover-type-none\"><img decoding=\"async\" src=\"https:\/\/inklusiva.info\/wp-content\/uploads\/2022\/08\/Kai-Bosch-2-300x300.png\" width=\"300\" height=\"300\" class=\"wp-image-1865\" srcset=\"https:\/\/old.inklusiva.org\/wp-content\/uploads\/2022\/08\/Kai-Bosch-2-200x200.png 200w, https:\/\/old.inklusiva.org\/wp-content\/uploads\/2022\/08\/Kai-Bosch-2-400x400.png 400w, https:\/\/old.inklusiva.org\/wp-content\/uploads\/2022\/08\/Kai-Bosch-2-600x600.png 600w, https:\/\/old.inklusiva.org\/wp-content\/uploads\/2022\/08\/Kai-Bosch-2-800x800.png 800w, https:\/\/old.inklusiva.org\/wp-content\/uploads\/2022\/08\/Kai-Bosch-2.png 1080w\" sizes=\"(max-width: 1024px) 100vw, (max-width: 640px) 100vw, 600px\" \/><\/span><\/li><li class=\"image\"><span class=\"fusion-image-hover-element hover-type-none\"><img decoding=\"async\" src=\"https:\/\/inklusiva.info\/wp-content\/uploads\/2022\/08\/INKLUSIVA-Mosaik-1-300x300.png\" width=\"300\" height=\"300\" class=\"wp-image-1876\" srcset=\"https:\/\/old.inklusiva.org\/wp-content\/uploads\/2022\/08\/INKLUSIVA-Mosaik-1-200x200.png 200w, https:\/\/old.inklusiva.org\/wp-content\/uploads\/2022\/08\/INKLUSIVA-Mosaik-1-400x400.png 400w, https:\/\/old.inklusiva.org\/wp-content\/uploads\/2022\/08\/INKLUSIVA-Mosaik-1-600x600.png 600w, https:\/\/old.inklusiva.org\/wp-content\/uploads\/2022\/08\/INKLUSIVA-Mosaik-1-800x800.png 800w, https:\/\/old.inklusiva.org\/wp-content\/uploads\/2022\/08\/INKLUSIVA-Mosaik-1.png 1080w\" sizes=\"(max-width: 1024px) 100vw, (max-width: 640px) 100vw, 600px\" \/><\/span><\/li><\/ul><\/div><\/div><\/div><\/div><div class=\"fusion-layout-column fusion_builder_column fusion-builder-column-5 fusion_builder_column_1_1 1_1 fusion-flex-column\" style=\"--awb-bg-size:cover;--awb-width-large:100%;--awb-margin-top-large:0px;--awb-spacing-right-large:0px;--awb-margin-bottom-large:20px;--awb-spacing-left-large:0px;--awb-width-medium:100%;--awb-spacing-right-medium:0px;--awb-spacing-left-medium:0px;--awb-width-small:100%;--awb-spacing-right-small:0px;--awb-spacing-left-small:0px;\"><div class=\"fusion-column-wrapper fusion-column-has-shadow fusion-flex-justify-content-flex-start fusion-content-layout-column\"><div class=\"fusion-text fusion-text-6 fusion-no-small-visibility\"><table width=\"100%\">\n<thead>\n<tr valign=\"top\">\n<th id=\"raum1\" class=\"th\" scope=\"col\" width=\"33%\">CAMPUS 1<\/th>\n<th id=\"raum2\" class=\"th\" scope=\"col\" width=\"33%\">CAMPUS 2<br \/>\n(Livestream)<\/th>\n<th id=\"raum3\" class=\"th\" scope=\"col\" width=\"33%\">CAMPUS 3<\/th>\n<\/tr>\n<\/thead>\n<tbody>\n<tr valign=\"top\">\n<td class=\"tb td\" headers=\"\u201draum1\u201d\">11:00 &#8211; 12:30 <a class=\"fusion-modal-text-link\" href=\"#\" aria-label=\"Mehr Infos zum Programmpunkt Wege auf den ersten Arbeitsmarkt\" data-toggle=\"modal\" data-target=\".fusion-modal.Arbeit_Erster-Arbeitsmarkt\">Mehr Infos<\/a><br \/>\n<strong>Wege auf den ersten Arbeitsmarkt<br \/>\n(Gespr\u00e4chsrunde)<br \/>\n<\/strong>Unter &#8222;Mehr Infos&#8220; erfahrt ihr mehr \u00fcber unsere Gespr\u00e4chspartner<br \/>\n<a class=\"fusion-modal-text-link\" href=\"#\" aria-label=\"Mehr Infos zum Programmpunkt Wege auf den ersten Arbeitsmarkt\" data-toggle=\"modal\" data-target=\".fusion-modal.Arbeit_Erster-Arbeitsmarkt_LS\"><img decoding=\"async\" class=\"alignnone wp-image-54\" src=\"https:\/\/inklusiva.info\/wp-content\/uploads\/2019\/09\/Bild-1@2x.jpg\" alt=\"Das offizielle Icon der sogenannten \" width=\"71\" height=\"71\" srcset=\"https:\/\/old.inklusiva.org\/wp-content\/uploads\/2019\/09\/Bild-1@2x-66x66.jpg 66w, https:\/\/old.inklusiva.org\/wp-content\/uploads\/2019\/09\/Bild-1@2x.jpg 110w\" sizes=\"(max-width: 71px) 100vw, 71px\" \/><\/a><\/td>\n<td class=\"tb td\" headers=\"\u201draum2\u201d\">11:00 &#8211; 12:30 <a class=\"fusion-modal-text-link\" href=\"#\" aria-label=\"Mehr Infos zum Programmpunkt Schulische Inklusion\" data-toggle=\"modal\" data-target=\".fusion-modal.Bildung_Schule-RLP\">Mehr Infos<\/a><br \/>\n<strong>Blick auf Gelingensbedingungen f\u00fcr schulische Inklusion in RLP (Gespr\u00e4chsrunde)<br \/>\n<\/strong>Unter &#8222;Mehr Infos&#8220; erfahrt ihr mehr \u00fcber unsere Gespr\u00e4chspartner*innen<\/td>\n<td class=\"tb td\" headers=\"\u201draum3\u201d\">11:00 &#8211; 12:30 <a class=\"fusion-modal-text-link\" href=\"#\" aria-label=\"Mehr Infos zum Programmpunkt Filmecke\" data-toggle=\"modal\" data-target=\".fusion-modal.Mosaik_dieKUNSTderINKLUSION\">Mehr Infos<\/a><br \/>\n<strong>Inklusive Kunstvermittlung (Workshop)<br \/>\n<\/strong>Carole Kaufmann, dieKUNSTderINKLUSION<br \/>\n<a class=\"fusion-modal-text-link\" href=\"#\" aria-label=\"Mehr Infos zum Programmpunkt Filmecke\" data-toggle=\"modal\" data-target=\".fusion-modal.Mosaik_dieKUNSTderINKLUSION_LS\"><img decoding=\"async\" class=\"alignnone wp-image-54\" src=\"https:\/\/inklusiva.info\/wp-content\/uploads\/2019\/09\/Bild-1@2x.jpg\" alt=\"Das offizielle Icon der sogenannten \" width=\"71\" height=\"71\" srcset=\"https:\/\/old.inklusiva.org\/wp-content\/uploads\/2019\/09\/Bild-1@2x-66x66.jpg 66w, https:\/\/old.inklusiva.org\/wp-content\/uploads\/2019\/09\/Bild-1@2x.jpg 110w\" sizes=\"(max-width: 71px) 100vw, 71px\" \/><\/a><\/td>\n<\/tr>\n<tr valign=\"top\">\n<td class=\"tb td\" headers=\"\u201draum1\u201d\">13:00 &#8211; 14:30 <a class=\"fusion-modal-text-link\" href=\"#\" aria-label=\"Mehr Infos zum Programmpunkt Soziale Innovationen und Inklusion\" data-toggle=\"modal\" data-target=\".fusion-modal.Freizeit_SEND\">Mehr Infos<\/a><br \/>\n<strong>Soziale Innovationen in Sozialarbeit und Inklusion (Workshop)<br \/>\n<\/strong>Johanna Rothmann, SEND e.V.<\/td>\n<td class=\"tb td\" headers=\"\u201draum2\u201d\">13:00 &#8211; 14:30 <a class=\"fusion-modal-text-link\" href=\"#\" aria-label=\"Mehr Infos zum Programmpunkt Inklusion und Sport\" data-toggle=\"modal\" data-target=\".fusion-modal.Freizeit_Sport\">Mehr Infos<\/a><br \/>\n<strong>Inklusion und Sport in Rheinland-Pfalz (Vortrag)<br \/>\n<\/strong>Unter &#8222;Mehr Infos&#8220; erfahrt ihr mehr \u00fcber unsere Gespr\u00e4chspartnerinnen<br \/>\n<a href=\"#\" aria-label=\"Mehr Infos zum Programmpunkt Inklusion und Sport\" data-toggle=\"modal\" data-target=\".fusion-modal.Freizeit_Sport_LS\"><img decoding=\"async\" class=\"alignnone wp-image-54\" src=\"https:\/\/inklusiva.info\/wp-content\/uploads\/2019\/09\/Bild-1@2x.jpg\" alt=\"Das offizielle Icon der sogenannten \" width=\"71\" height=\"71\" srcset=\"https:\/\/old.inklusiva.org\/wp-content\/uploads\/2019\/09\/Bild-1@2x-66x66.jpg 66w, https:\/\/old.inklusiva.org\/wp-content\/uploads\/2019\/09\/Bild-1@2x.jpg 110w\" sizes=\"(max-width: 71px) 100vw, 71px\" \/><\/a><\/td>\n<td class=\"tb td\" headers=\"\u201draum3\u201d\">13:00 &#8211; 14:00 <a class=\"fusion-modal-text-link\" href=\"#\" aria-label=\"Mehr Infos zum Programmpunkt Gute Nachrichten zur Inklusion\" data-toggle=\"modal\" data-target=\".fusion-modal.Mosaik_Mutmachgeschichten\">Mehr Infos<\/a><br \/>\n<strong>Gute Nachrichten zur Inklusion (Austausch)<br \/>\n<\/strong>Ottmar Miles-Paul, kobinet NACHRICHTEN<br \/>\n<a class=\"fusion-modal-text-link\" href=\"#\" aria-label=\"Mehr Infos zum Programmpunkt Gute Nachrichten zur Inklusion\" data-toggle=\"modal\" data-target=\".fusion-modal.Mosaik_Mutmachgeschichten_LS\"><img decoding=\"async\" class=\"alignnone wp-image-54\" src=\"https:\/\/inklusiva.info\/wp-content\/uploads\/2019\/09\/Bild-1@2x.jpg\" alt=\"Das offizielle Icon der sogenannten \" width=\"71\" height=\"71\" srcset=\"https:\/\/old.inklusiva.org\/wp-content\/uploads\/2019\/09\/Bild-1@2x-66x66.jpg 66w, https:\/\/old.inklusiva.org\/wp-content\/uploads\/2019\/09\/Bild-1@2x.jpg 110w\" sizes=\"(max-width: 71px) 100vw, 71px\" \/><\/a><\/td>\n<\/tr>\n<tr valign=\"top\">\n<td class=\"tb td\" headers=\"\u201draum1\u201d\">15:00 &#8211; 16:30\u00a0<a class=\"fusion-modal-text-link\" href=\"#\" aria-label=\"Mehr Infos zum Programmpunkt Inklusive Wohnformen\" data-toggle=\"modal\" data-target=\".fusion-modal.Freizeit_Wohnen\">Mehr Infos<\/a><br \/>\n<strong><b>Inklusive Wohnformen (Gespr\u00e4chsrunde)<br \/>\n<\/b><\/strong>Unter &#8222;Mehr Infos&#8220; erfahrt ihr mehr \u00fcber unsere Gespr\u00e4chspartner*innen<\/td>\n<td class=\"tb td\" headers=\"\u201draum2\u201d\">15:00 &#8211; 16:30 <a class=\"fusion-modal-text-link\" href=\"#\" aria-label=\"Mehr Infos zum Programmpunkt seelische Gesundheit am Arbeitsplatz\" data-toggle=\"modal\" data-target=\".fusion-modal.Arbeit_Seelische-Gesundheit\">Mehr Infos<\/a><br \/>\n<strong>Seelische Gesundheit von Mitarbeiter*innen st\u00e4rken (Gespr\u00e4chsrunde)<br \/>\n<\/strong>Unter &#8222;Mehr Infos&#8220; erfahrt ihr mehr \u00fcber unsere Gespr\u00e4chspartnerinnen<br \/>\n<a class=\"fusion-modal-text-link\" href=\"#\" aria-label=\"Mehr Infos zum Programmpunkt seelische Gesundheit am Arbeitsplatz\" data-toggle=\"modal\" data-target=\".fusion-modal.Arbeit_Seelische-Gesundheit_LS\"><img decoding=\"async\" class=\"alignnone wp-image-54\" src=\"https:\/\/inklusiva.info\/wp-content\/uploads\/2019\/09\/Bild-1@2x.jpg\" alt=\"Das offizielle Icon der sogenannten \" width=\"71\" height=\"71\" srcset=\"https:\/\/old.inklusiva.org\/wp-content\/uploads\/2019\/09\/Bild-1@2x-66x66.jpg 66w, https:\/\/old.inklusiva.org\/wp-content\/uploads\/2019\/09\/Bild-1@2x.jpg 110w\" sizes=\"(max-width: 71px) 100vw, 71px\" \/><\/a><\/td>\n<td class=\"tb td\" headers=\"\u201draum3\u201d\">15:00 &#8211; 16:00 <a class=\"fusion-modal-text-link\" href=\"#\" aria-label=\"Mehr Infos zum Programmpunkt Bloglesung\" data-toggle=\"modal\" data-target=\".fusion-modal.Mosaik_Nixklusion\">Mehr Infos<\/a><br \/>\n<strong>Zwischen Inklusion und Nixklusion (Bloglesung)<br \/>\n<\/strong>Kirsten Ehrhardt, kirstenmalzwei.de<\/td>\n<\/tr>\n<tr valign=\"top\">\n<td class=\"tb td\" headers=\"\u201draum1\u201d\">keine Veranstaltung<\/td>\n<td class=\"tb td\" headers=\"\u201draum2\u201d\">17:00 &#8211; 18:00 <a class=\"fusion-modal-text-link\" href=\"#\" aria-label=\"Mehr Infos zum Programmpunkt Gesundheitssystem der Zukunft\" data-toggle=\"modal\" data-target=\".fusion-modal.Gesundheit_Pfleiderer\">Mehr Infos<\/a><br \/>\n<strong>Gesundheitssystem der Zukunft (Vortrag)<br \/>\n<\/strong>Oliver Pfleiderer, ARQUE<\/td>\n<td class=\"tb td\" headers=\"raum3\">keine Veranstaltung<\/td>\n<\/tr>\n<\/tbody>\n<\/table>\n<\/div><div class=\"fusion-title title fusion-title-3 fusion-no-medium-visibility fusion-no-large-visibility fusion-sep-none fusion-title-text fusion-title-size-three\"><h3 class=\"fusion-title-heading title-heading-left fusion-responsive-typography-calculated\" style=\"margin:0;--fontSize:35;line-height:1.35;\">CAMPUS 1<\/h3><\/div><div class=\"fusion-text fusion-text-7 fusion-no-medium-visibility fusion-no-large-visibility\"><ul>\n<li>11:00 &#8211; 12:30: <strong>Wege auf den ersten Arbeitsmarkt (Gespr\u00e4chsrunde)<\/strong>\u00a0<a class=\"fusion-modal-text-link\" href=\"#\" aria-label=\"Mehr Infos zum Programmpunkt Wege auf den ersten Arbeitsmarkt\" data-toggle=\"modal\" data-target=\".fusion-modal.Arbeit_Erster-Arbeitsmarkt\">Mehr Infos<\/a> <a class=\"fusion-modal-text-link\" href=\"#\" aria-label=\"Mehr Infos zum Programmpunkt Wege auf den ersten Arbeitsmarkt\" data-toggle=\"modal\" data-target=\".fusion-modal.Arbeit_Erster-Arbeitsmarkt_LS\"><img decoding=\"async\" class=\"alignnone wp-image-54\" src=\"https:\/\/inklusiva.info\/wp-content\/uploads\/2019\/09\/Bild-1@2x.jpg\" alt=\"Das offizielle Icon der sogenannten \" width=\"55\" height=\"55\" srcset=\"https:\/\/old.inklusiva.org\/wp-content\/uploads\/2019\/09\/Bild-1@2x-66x66.jpg 66w, https:\/\/old.inklusiva.org\/wp-content\/uploads\/2019\/09\/Bild-1@2x.jpg 110w\" sizes=\"(max-width: 55px) 100vw, 55px\" \/><\/a><\/li>\n<li>13:00 &#8211; 14:30: <strong>Soziale Innovationen in Sozialarbeit und Inklusion (Workshop)<\/strong>\u00a0<a class=\"fusion-modal-text-link\" href=\"#\" aria-label=\"Mehr Infos zum Programmpunkt Soziale Innovationen und Inklusion\" data-toggle=\"modal\" data-target=\".fusion-modal.Freizeit_SEND\">Mehr Infos<\/a><\/li>\n<li>15:00 &#8211; 16:30: <strong>Inklusive Wohnformen (Gespr\u00e4chsrunde)<\/strong>\u00a0<a class=\"fusion-modal-text-link\" href=\"#\" aria-label=\"Mehr Infos zum Programmpunkt Inklusive Wohnformen\" data-toggle=\"modal\" data-target=\".fusion-modal.Freizeit_Wohnen\">Mehr Infos<\/a><\/li>\n<\/ul>\n<\/div><div class=\"fusion-title title fusion-title-4 fusion-no-medium-visibility fusion-no-large-visibility fusion-sep-none fusion-title-text fusion-title-size-three\"><h3 class=\"fusion-title-heading title-heading-left fusion-responsive-typography-calculated\" style=\"margin:0;--fontSize:35;line-height:1.35;\">CAMPUS 2<\/h3><\/div><div class=\"fusion-text fusion-text-8 fusion-no-medium-visibility fusion-no-large-visibility\"><ul>\n<li>11:00 &#8211; 12:30: <strong>Blick auf Gelingensbedingungen f\u00fcr schulische Inklusion in RLP (Gespr\u00e4chsrunde)<\/strong>\u00a0<a class=\"fusion-modal-text-link\" href=\"#\" aria-label=\"Mehr Infos zum Programmpunkt Schulische Inklusion\" data-toggle=\"modal\" data-target=\".fusion-modal.Bildung_Schule-RLP\">Mehr Infos<\/a><\/li>\n<li>13:00 &#8211; 14:30: <strong>Inklusion und Sport in Rheinland-Pfalz (Vortrag)<\/strong>\u00a0<a class=\"fusion-modal-text-link\" href=\"#\" aria-label=\"Mehr Infos zum Programmpunkt Inklusion und Sport\" data-toggle=\"modal\" data-target=\".fusion-modal.Freizeit_Sport\">Mehr Infos<\/a> <a class=\"fusion-modal-text-link\" href=\"#\" aria-label=\"Mehr Infos zum Programmpunkt Inklusion und Sport\" data-toggle=\"modal\" data-target=\".fusion-modal.Freizeit_Sport_LS\"><img decoding=\"async\" class=\"alignnone wp-image-54\" src=\"https:\/\/inklusiva.info\/wp-content\/uploads\/2019\/09\/Bild-1@2x.jpg\" alt=\"Das offizielle Icon der sogenannten \" width=\"55\" height=\"55\" srcset=\"https:\/\/old.inklusiva.org\/wp-content\/uploads\/2019\/09\/Bild-1@2x-66x66.jpg 66w, https:\/\/old.inklusiva.org\/wp-content\/uploads\/2019\/09\/Bild-1@2x.jpg 110w\" sizes=\"(max-width: 55px) 100vw, 55px\" \/><\/a><\/li>\n<li>15:00 &#8211; 16:30: <strong>Seelische Gesundheit von Mitarbeiter*innen st\u00e4rken (Gespr\u00e4chsrunde)<\/strong>\u00a0<a class=\"fusion-modal-text-link\" href=\"#\" aria-label=\"Mehr Infos zum Programmpunkt seelische Gesundheit am Arbeitsplatz\" data-toggle=\"modal\" data-target=\".fusion-modal.Arbeit_Seelische-Gesundheit\">Mehr Infos<\/a> <a class=\"fusion-modal-text-link\" href=\"#\" aria-label=\"Mehr Infos zum Programmpunkt seelische Gesundheit am Arbeitsplatz\" data-toggle=\"modal\" data-target=\".fusion-modal.Arbeit_Seelische-Gesundheit_LS\"><img decoding=\"async\" class=\"alignnone wp-image-54\" src=\"https:\/\/inklusiva.info\/wp-content\/uploads\/2019\/09\/Bild-1@2x.jpg\" alt=\"Das offizielle Icon der sogenannten \" width=\"55\" height=\"55\" srcset=\"https:\/\/old.inklusiva.org\/wp-content\/uploads\/2019\/09\/Bild-1@2x-66x66.jpg 66w, https:\/\/old.inklusiva.org\/wp-content\/uploads\/2019\/09\/Bild-1@2x.jpg 110w\" sizes=\"(max-width: 55px) 100vw, 55px\" \/><\/a><\/li>\n<li>17:00 &#8211; 18:00: <strong>Gesundheitssystem der Zukunft (Vortrag)<\/strong>\u00a0<a class=\"fusion-modal-text-link\" href=\"#\" aria-label=\"Mehr Infos zum Programmpunkt Gesundheitssystem der Zukunft\" data-toggle=\"modal\" data-target=\".fusion-modal.Gesundheit_Pfleiderer\">Mehr Infos<\/a><\/li>\n<\/ul>\n<\/div><div class=\"fusion-title title fusion-title-5 fusion-no-medium-visibility fusion-no-large-visibility fusion-sep-none fusion-title-text fusion-title-size-three\"><h3 class=\"fusion-title-heading title-heading-left fusion-responsive-typography-calculated\" style=\"margin:0;--fontSize:35;line-height:1.35;\">CAMPUS 3<\/h3><\/div><div class=\"fusion-text fusion-text-9 fusion-no-medium-visibility fusion-no-large-visibility\"><ul>\n<li>11:00 &#8211; 12:00: <strong>Inklusive Kunstvermittlung (Workshop)<\/strong>\u00a0<a class=\"fusion-modal-text-link\" href=\"#\" aria-label=\"Mehr Infos zum Programmpunkt Filmecke\" data-toggle=\"modal\" data-target=\".fusion-modal.Mosaik_dieKUNSTderINKLUSION\">Mehr Infos<\/a> <img decoding=\"async\" class=\"alignnone wp-image-54\" src=\"https:\/\/inklusiva.info\/wp-content\/uploads\/2019\/09\/Bild-1@2x.jpg\" alt=\"Das offizielle Icon der sogenannten \" width=\"55\" height=\"55\" srcset=\"https:\/\/old.inklusiva.org\/wp-content\/uploads\/2019\/09\/Bild-1@2x-66x66.jpg 66w, https:\/\/old.inklusiva.org\/wp-content\/uploads\/2019\/09\/Bild-1@2x.jpg 110w\" sizes=\"(max-width: 55px) 100vw, 55px\" \/><\/li>\n<li>13:00 &#8211; 14:00: <strong>Gute Nachrichten zur Inklusion (Austausch)<\/strong>\u00a0<a class=\"fusion-modal-text-link\" href=\"#\" aria-label=\"Mehr Infos zum Programmpunkt Gute Nachrichten zur Inklusion\" data-toggle=\"modal\" data-target=\".fusion-modal.Mosaik_Mutmachgeschichten\">Mehr Infos<\/a> <img decoding=\"async\" class=\"alignnone wp-image-54\" src=\"https:\/\/inklusiva.info\/wp-content\/uploads\/2019\/09\/Bild-1@2x.jpg\" alt=\"Das offizielle Icon der sogenannten \" width=\"55\" height=\"55\" srcset=\"https:\/\/old.inklusiva.org\/wp-content\/uploads\/2019\/09\/Bild-1@2x-66x66.jpg 66w, https:\/\/old.inklusiva.org\/wp-content\/uploads\/2019\/09\/Bild-1@2x.jpg 110w\" sizes=\"(max-width: 55px) 100vw, 55px\" \/><\/li>\n<li>15:00 &#8211; 16:00: <strong>Zwischen Inklusion und Nixklusion (Bloglesung)<\/strong>\u00a0<a class=\"fusion-modal-text-link\" href=\"#\" aria-label=\"Mehr Infos zum Programmpunkt Bloglesung\" data-toggle=\"modal\" data-target=\".fusion-modal.Mosaik_Nixklusion\">Mehr Infos<\/a><\/li>\n<\/ul>\n<\/div><\/div><\/div><\/div><\/div><div class=\"fusion-fullwidth fullwidth-box fusion-builder-row-3 nonhundred-percent-fullwidth non-hundred-percent-height-scrolling fusion-equal-height-columns\" style=\"--awb-border-radius-top-left:0px;--awb-border-radius-top-right:0px;--awb-border-radius-bottom-right:0px;--awb-border-radius-bottom-left:0px;--awb-padding-top:0px;--awb-padding-right:0px;--awb-padding-left:0px;--awb-margin-top:0px;--awb-margin-bottom:10px;--awb-flex-wrap:wrap;\" ><div class=\"fusion-builder-row fusion-row\"><div class=\"fusion-layout-column fusion_builder_column fusion-builder-column-6 fusion_builder_column_1_1 1_1 fusion-one-full fusion-column-first fusion-column-last\" style=\"--awb-bg-size:cover;\"><div class=\"fusion-column-wrapper fusion-column-has-shadow fusion-flex-column-wrapper-legacy\"><div class=\"fusion-title title fusion-title-6 fusion-sep-none fusion-title-text fusion-title-size-one\"><h1 class=\"fusion-title-heading title-heading-left fusion-responsive-typography-calculated\" style=\"margin:0;--fontSize:50;line-height:1.4;\">Programm am 2.09.2022<\/h1><\/div><div class=\"fusion-text fusion-text-10 fusion-text-no-margin\" style=\"--awb-margin-bottom:40px;\"><h3 class=\"fusion-responsive-typography-calculated\" style=\"--fontsize: 35; line-height: 1.35;\" data-fontsize=\"35\" data-lineheight=\"47.25px\">INKLUSIVA-CAMPUS<\/h3>\n<p>Am 02.09.2022 k\u00f6nnt ihr digitale Vortr\u00e4ge, Diskussionsrunden und Workshops besuchen. Die Angebote finden digital auf Zoom statt. Alle Zug\u00e4nge und Links findet ihr weiter unten.<\/p>\n<p>Die Angebote in <strong>Zoom 1<\/strong> und in <strong>Zoom 2<\/strong> wurden (live) in DGS und Schrift \u00fcbersetzt.<\/p>\n<\/div><div class=\"fusion-text fusion-text-11 fusion-no-small-visibility\"><table width=\"100%\">\n<thead>\n<tr valign=\"top\">\n<th id=\"raum1\" class=\"th\" scope=\"col\" width=\"33%\">Zoom 1<\/th>\n<th id=\"raum2\" class=\"th\" scope=\"col\" width=\"33%\">Zoom 2<\/th>\n<th id=\"raum3\" class=\"th\" scope=\"col\" width=\"33%\">Zoom 3<\/th>\n<\/tr>\n<\/thead>\n<tbody>\n<tr valign=\"top\">\n<td class=\"tb td\" headers=\"raum1\">09:30 &#8211; 11:00 <a class=\"fusion-modal-text-link\" href=\"#\" aria-label=\"Mehr Infos zum Programmpunkt Keynote\" data-toggle=\"modal\" data-target=\".fusion-modal.Start_Keynote\">Mehr Infos<\/a><br \/>\n<strong>Keynote: Unsere inklusive Gesellschaft in 2030<br \/>\n<a class=\"fusion-modal-text-link\" href=\"#\" aria-label=\"Mehr Infos zum Programmpunkt Keynote in Leichter Sprache\" data-toggle=\"modal\" data-target=\".fusion-modal.Start_Keynote_LS\"><img decoding=\"async\" class=\"alignnone wp-image-54\" src=\"https:\/\/inklusiva.info\/wp-content\/uploads\/2019\/09\/Bild-1@2x.jpg\" alt=\"Das offizielle Icon der sogenannten \" width=\"63\" height=\"63\" srcset=\"https:\/\/old.inklusiva.org\/wp-content\/uploads\/2019\/09\/Bild-1@2x-66x66.jpg 66w, https:\/\/old.inklusiva.org\/wp-content\/uploads\/2019\/09\/Bild-1@2x.jpg 110w\" sizes=\"(max-width: 63px) 100vw, 63px\" \/><\/a><\/strong><\/td>\n<td class=\"tb td\" headers=\"raum2\">keine Veranstaltung<\/td>\n<td class=\"tb td\" headers=\"raum3\">keine Veranstaltung<\/td>\n<\/tr>\n<tr valign=\"top\">\n<td class=\"tb td\" headers=\"\u201draum1\u201d\">11:00 &#8211; 12:30 <a class=\"fusion-modal-text-link\" href=\"#\" aria-label=\"Mehr Infos zum Programmpunkt Kommune Inklusiv.\" data-toggle=\"modal\" data-target=\".fusion-modal.Freizeit_KINO\">Mehr Infos<\/a><br \/>\n<strong>Kommune Inklusiv. Ein Modellprojekt f\u00fcr gelebte Inklusion (Vortrag + Austausch)<br \/>\n<\/strong>Am Beispiel von Schneverdingen (Niedersachsen) und Nieder-Olm (Rheinland-Pfalz).<br \/>\n<a class=\"fusion-modal-text-link\" href=\"#\" aria-label=\"Mehr Infos zum Programmpunkt Kommune Inklusiv.\" data-toggle=\"modal\" data-target=\".fusion-modal.Freizeit_KINO_LS\"><img decoding=\"async\" class=\"alignnone wp-image-54\" src=\"https:\/\/inklusiva.info\/wp-content\/uploads\/2019\/09\/Bild-1@2x.jpg\" alt=\"Das offizielle Icon der sogenannten &quot;Leichten Sprache&quot;\" width=\"69\" height=\"69\" srcset=\"https:\/\/old.inklusiva.org\/wp-content\/uploads\/2019\/09\/Bild-1@2x-66x66.jpg 66w, https:\/\/old.inklusiva.org\/wp-content\/uploads\/2019\/09\/Bild-1@2x.jpg 110w\" sizes=\"(max-width: 69px) 100vw, 69px\" \/><\/a><\/td>\n<td class=\"tb td\" headers=\"\u201draum2\u201d\">11:00 &#8211; 12:30 <a class=\"fusion-modal-text-link\" href=\"#\" aria-label=\"Mehr Infos zum Programmpunkt Erste Schritte hin zu Inklusion und Barrierefreiheit f\u00fcr Arbeitgeber\" data-toggle=\"modal\" data-target=\".fusion-modal.Arbeit_Erste-Schritte\">Mehr Infos<\/a><br \/>\n<strong>In Chancen denken, Potentiale nutzen \u2013 Erste Schritte hin zu Inklusion und Barrierefreiheit am Arbeitsplatz (Vortrag)<br \/>\n<\/strong>Lorena von Gordon, aktion luftsprung<br \/>\nKathrin Kerschbaumer, myAbility<\/td>\n<td class=\"tb td\" headers=\"\u201draum3\u201d\">11:00 &#8211; 12:30 <a class=\"fusion-modal-text-link\" href=\"#\" aria-label=\"Mehr Infos zum Programmpunkt Gesundheitsapps auf Rezept, elektronische Patientenakte und E-Rezept\" data-toggle=\"modal\" data-target=\".fusion-modal.Gesundheit_VZ\">Mehr Infos<\/a><br \/>\n<strong>Gesundheitsapps auf Rezept, elektronische Patientenakte und E-Rezept (Vortrag)<br \/>\n<\/strong>Katharina Veit, Verbraucherzentrale Rheinland-Pfalz<\/td>\n<\/tr>\n<tr valign=\"top\">\n<td class=\"tb td\" headers=\"\u201draum1\u201d\">13:00 &#8211; 14:30 <a class=\"fusion-modal-text-link\" href=\"#\" aria-label=\"Mehr Infos zum Programmpunkt Inklusiver Arbeitsmarkt 2030\" data-toggle=\"modal\" data-target=\".fusion-modal.Arbeit_Werkstatt\">Mehr Infos<\/a><br \/>\n<strong> Inklusiver Arbeitsmarkt 2030 (Gespr\u00e4chsrunde)<br \/>\n<\/strong>Unter \u201cMehr Infos\u201d erfahrt ihr mehr \u00fcber unsere Gespr\u00e4chspartner*innen<br \/>\n<a class=\"fusion-modal-text-link\" href=\"#\" aria-label=\"Mehr Infos zum Programmpunkt Inklusiver Arbeitsmarkt 2030\" data-toggle=\"modal\" data-target=\".fusion-modal.Arbeit_Werkstatt_LS\"><img decoding=\"async\" class=\"alignnone wp-image-54\" src=\"https:\/\/inklusiva.info\/wp-content\/uploads\/2019\/09\/Bild-1@2x.jpg\" alt=\"Das offizielle Icon der sogenannten &quot;Leichten Sprache&quot;\" width=\"71\" height=\"71\" srcset=\"https:\/\/old.inklusiva.org\/wp-content\/uploads\/2019\/09\/Bild-1@2x-66x66.jpg 66w, https:\/\/old.inklusiva.org\/wp-content\/uploads\/2019\/09\/Bild-1@2x.jpg 110w\" sizes=\"(max-width: 71px) 100vw, 71px\" \/><\/a><\/td>\n<td class=\"tb td\" headers=\"\u201draum2\u201d\">13:00 &#8211; 14:30 <a class=\"fusion-modal-text-link\" href=\"#\" aria-label=\"Mehr Infos zum Programmpunkt Workshop Resilienz\" data-toggle=\"modal\" data-target=\".fusion-modal.Gesundheit_Resilienz\">Mehr Infos<\/a><br \/>\n<strong>Finde deinen Weg zu mentaler Gesundheit und Resilienz (Workshop)<br \/>\n<\/strong>Nina Gutermuth, Yoga &amp; Ayurveda<br \/>\nMechthild Kreuser, Inklusive Achtsamkeit<\/td>\n<td class=\"tb td\" headers=\"\u201draum3\u201d\">keine Veranstaltung<\/td>\n<\/tr>\n<tr valign=\"top\">\n<td class=\"tb td\" headers=\"\u201draum1\u201d\">15:00 &#8211; 16:15 <a class=\"fusion-modal-text-link\" href=\"#\" aria-label=\"Mehr Infos zum Programmpunkt Klimawandel und Selbsthilfearbeit\" data-toggle=\"modal\" data-target=\".fusion-modal.Gesundheit_Klimawandel\">Mehr Infos<\/a><br \/>\n<strong>Klimawandel und Selbsthilfearbeit (Vortrag)<br \/>\n<\/strong>Dr. Martin Danner, BAG Selbsthilfe<\/td>\n<td class=\"tb td\" headers=\"\u201draum2\u201d\">15:00 &#8211; 16:30 <a class=\"fusion-modal-text-link\" href=\"#\" aria-label=\"Mehr Infos zum Programmpunkt Workshop digitale inklusive Bildung\" data-toggle=\"modal\" data-target=\".fusion-modal.Bildung_Diklusion\">Mehr Infos<\/a><br \/>\n<strong>Digitale, inklusive Bildung \u2013 Wie gestalten wir gemeinsames Lernen? (Workshop)<br \/>\n<\/strong>Dr. Lea Schulz, Diklusions-Expertin<br \/>\nAnke Sch\u00f6ttler, Initiatorin der EiS-App<\/td>\n<td class=\"tb td\" headers=\"\u201draum3\u201d\">keine Veranstaltung<\/td>\n<\/tr>\n<tr valign=\"top\">\n<td class=\"tb td\" headers=\"\u201draum1\u201d\">16:45 &#8211; 18:00 <a class=\"fusion-modal-text-link\" href=\"#\" aria-label=\"Mehr Infos zum Programmpunkt Die inklusive Schule in 2030.\" data-toggle=\"modal\" data-target=\".fusion-modal.Bildung_Schule-2030\">Mehr Infos<\/a><br \/>\n<strong>Die inklusive Schule in 2030 (Gespr\u00e4chsrunde)<br \/>\n<\/strong>Unter \u201cMehr Infos\u201d erfahrt ihr mehr \u00fcber unsere Gespr\u00e4chspartner*innen<\/td>\n<td class=\"tb td\" headers=\"\u201draum2\u201d\">17:00 &#8211; 18:00 <a class=\"fusion-modal-text-link\" href=\"#\" aria-label=\"Mehr Infos zum Programmpunkt Reichweite und Geh\u00f6r f\u00fcr die eigene Sache gewinnen.\" data-toggle=\"modal\" data-target=\".fusion-modal.Freizeit_Reichweite\">Mehr Infos<\/a><br \/>\n<strong>Wie gewinnt man Reichweite und Geh\u00f6r f\u00fcr die eigene Sache? (Workshop)<br \/>\n<\/strong>Susanne K\u00fchne und Anne Lautsch, Schule muss anders<\/td>\n<td class=\"tb td\" headers=\"\u201draum3\u201d\">keine Veranstaltung<\/td>\n<\/tr>\n<\/tbody>\n<\/table>\n<\/div><div class=\"fusion-title title fusion-title-7 fusion-no-medium-visibility fusion-no-large-visibility fusion-sep-none fusion-title-text fusion-title-size-three\"><h3 class=\"fusion-title-heading title-heading-left fusion-responsive-typography-calculated\" style=\"margin:0;--fontSize:35;line-height:1.35;\">ZOOM 1<\/h3><\/div><div class=\"fusion-text fusion-text-12 fusion-no-medium-visibility fusion-no-large-visibility\"><ul>\n<li>09:30 &#8211; 11:00:\u00a0<strong>Keynote: Unsere inklusive Gesellschaft in 2030<\/strong>\u00a0<a class=\"fusion-modal-text-link\" href=\"#\" aria-label=\"Mehr Infos zum Programmpunkt Keynote\" data-toggle=\"modal\" data-target=\".fusion-modal.Start_Keynote\">Mehr Infos<\/a><a class=\"fusion-modal-text-link\" href=\"#\" aria-label=\"Infos in Leichter Sprache\" data-toggle=\"modal\" data-target=\".fusion-modal.Start_Keynote_LS\">\u00a0 <img decoding=\"async\" class=\"alignnone wp-image-54\" src=\"https:\/\/inklusiva.info\/wp-content\/uploads\/2019\/09\/Bild-1@2x.jpg\" alt=\"Das offizielle Icon der sogenannten \" width=\"56\" height=\"56\" srcset=\"https:\/\/old.inklusiva.org\/wp-content\/uploads\/2019\/09\/Bild-1@2x-66x66.jpg 66w, https:\/\/old.inklusiva.org\/wp-content\/uploads\/2019\/09\/Bild-1@2x.jpg 110w\" sizes=\"(max-width: 56px) 100vw, 56px\" \/><\/a><\/li>\n<li>11:00 &#8211; 12:30: <strong>Kommune Inklusiv. Ein Modellprojekt f\u00fcr gelebte Inklusion (Vortrag + Austausch)<\/strong>\u00a0<a class=\"fusion-modal-text-link\" href=\"#\" aria-label=\"Mehr Infos zum Programmpunkt Kommune Inklusiv.\" data-toggle=\"modal\" data-target=\".fusion-modal.Freizeit_KINO\">Mehr Infos<\/a> <a class=\"fusion-modal-text-link\" href=\"#\" aria-label=\"Mehr Infos zum Programmpunkt Kommune Inklusiv.\" data-toggle=\"modal\" data-target=\".fusion-modal.Freizeit_KINO_LS\"><img decoding=\"async\" class=\"alignnone wp-image-54\" src=\"https:\/\/inklusiva.info\/wp-content\/uploads\/2019\/09\/Bild-1@2x.jpg\" alt=\"Das offizielle Icon der sogenannten \" width=\"55\" height=\"55\" srcset=\"https:\/\/old.inklusiva.org\/wp-content\/uploads\/2019\/09\/Bild-1@2x-66x66.jpg 66w, https:\/\/old.inklusiva.org\/wp-content\/uploads\/2019\/09\/Bild-1@2x.jpg 110w\" sizes=\"(max-width: 55px) 100vw, 55px\" \/><\/a><\/li>\n<li>13:00 &#8211; 14:30: <strong>Inklusiver Arbeitsmarkt 2030 (Gespr\u00e4chsrunde)<\/strong>\u00a0<a class=\"fusion-modal-text-link\" href=\"#\" aria-label=\"Mehr Infos zum Programmpunkt Inklusiver Arbeitsmarkt 2030\" data-toggle=\"modal\" data-target=\".fusion-modal.Arbeit_Werkstatt\">Mehr Infos<\/a> <a class=\"fusion-modal-text-link\" href=\"#\" aria-label=\"Mehr Infos zum Programmpunkt Inklusiver Arbeitsmarkt 2030\" data-toggle=\"modal\" data-target=\".fusion-modal.Arbeit_Werkstatt_LS\"><img decoding=\"async\" class=\"alignnone wp-image-54\" src=\"https:\/\/inklusiva.info\/wp-content\/uploads\/2019\/09\/Bild-1@2x.jpg\" alt=\"Das offizielle Icon der sogenannten \" width=\"55\" height=\"55\" srcset=\"https:\/\/old.inklusiva.org\/wp-content\/uploads\/2019\/09\/Bild-1@2x-66x66.jpg 66w, https:\/\/old.inklusiva.org\/wp-content\/uploads\/2019\/09\/Bild-1@2x.jpg 110w\" sizes=\"(max-width: 55px) 100vw, 55px\" \/><\/a><\/li>\n<li>15:00 &#8211; 16:15:\u00a0<strong>Klimawandel und Selbsthilfearbeit (Vortrag)<\/strong>\u00a0<a class=\"fusion-modal-text-link\" href=\"#\" aria-label=\"Mehr Infos zum Programmpunkt Klimawandel und Selbsthilfearbeit\" data-toggle=\"modal\" data-target=\".fusion-modal.Gesundheit_Klimawandel\">Mehr Infos<\/a><\/li>\n<li>16:45 &#8211; 18:00:\u00a0<strong>Die inklusive Schule in 2030 (Gespr\u00e4chsrunde)<\/strong>\u00a0<a class=\"fusion-modal-text-link\" href=\"#\" aria-label=\"Mehr Infos zum Programmpunkt Die inklusive Schule in 2030.\" data-toggle=\"modal\" data-target=\".fusion-modal.Bildung_Schule-2030\">Mehr Infos<\/a><\/li>\n<\/ul>\n<\/div><div class=\"fusion-title title fusion-title-8 fusion-no-medium-visibility fusion-no-large-visibility fusion-sep-none fusion-title-text fusion-title-size-three\"><h3 class=\"fusion-title-heading title-heading-left fusion-responsive-typography-calculated\" style=\"margin:0;--fontSize:35;line-height:1.35;\">ZOOM 2<\/h3><\/div><div class=\"fusion-text fusion-text-13 fusion-no-medium-visibility fusion-no-large-visibility\"><ul>\n<li>11:00 &#8211; 12:30:\u00a0<strong>In Chancen denken, Potentiale nutzen \u2013 Erste Schritte hin zu Inklusion und Barrierefreiheit am Arbeitsplatz (Vortrag)<\/strong>\u00a0<a class=\"fusion-modal-text-link\" href=\"#\" aria-label=\"Mehr Infos zum Programmpunkt Erste Schritte hin zu Inklusion und Barrierefreiheit f\u00fcr Arbeitgeber\" data-toggle=\"modal\" data-target=\".fusion-modal.Arbeit_Erste-Schritte\">Mehr Infos<\/a><\/li>\n<li>13:00 &#8211; 14:30: <strong>Finde deinen Weg zu mentaler Gesundheit und Resilienz (Workshop)<\/strong>\u00a0<a class=\"fusion-modal-text-link\" href=\"#\" aria-label=\"Mehr Infos zum Programmpunkt Workshop Resilienz\" data-toggle=\"modal\" data-target=\".fusion-modal.Gesundheit_Resilienz\">Mehr Infos<\/a><\/li>\n<li>15:00 &#8211; 16:30: <strong>Digitale, inklusive Bildung \u2013 Wie gestalten wir gemeinsames Lernen? (Workshop)<\/strong>\u00a0<a class=\"fusion-modal-text-link\" href=\"#\" aria-label=\"Mehr Infos zum Programmpunkt Workshop digitale inklusive Bildung\" data-toggle=\"modal\" data-target=\".fusion-modal.Bildung_Diklusion\">Mehr Infos<\/a><\/li>\n<li>17:00 &#8211; 18:00: <strong>Wie gewinnt man Reichweite und Geh\u00f6r f\u00fcr die eigene Sache? (Workshop)<\/strong>\u00a0<a class=\"fusion-modal-text-link\" href=\"#\" aria-label=\"Mehr Infos zum Programmpunkt Reichweite und Geh\u00f6r f\u00fcr die eigene Sache gewinnen.\" data-toggle=\"modal\" data-target=\".fusion-modal.Freizeit_Reichweite\">Mehr Infos<\/a><\/li>\n<\/ul>\n<\/div><div class=\"fusion-title title fusion-title-9 fusion-no-medium-visibility fusion-no-large-visibility fusion-sep-none fusion-title-text fusion-title-size-three\"><h3 class=\"fusion-title-heading title-heading-left fusion-responsive-typography-calculated\" style=\"margin:0;--fontSize:35;line-height:1.35;\">ZOOM 3<\/h3><\/div><div class=\"fusion-text fusion-text-14 fusion-no-medium-visibility fusion-no-large-visibility\"><ul>\n<li>11:00 &#8211; 12:30: <strong>Gesundheitsapps auf Rezept, elektronische Patientenakte und E-Rezept (Vortrag)<\/strong>\u00a0<a class=\"fusion-modal-text-link\" href=\"#\" aria-label=\"Mehr Infos zum Programmpunkt Gesundheitsapps auf Rezept, elektronische Patientenakte und E-Rezept\" data-toggle=\"modal\" data-target=\".fusion-modal.Gesundheit_VZ\">Mehr Infos<\/a><\/li>\n<\/ul>\n<\/div><div class=\"fusion-clearfix\"><\/div><\/div><\/div><\/div><\/div><div class=\"fusion-fullwidth fullwidth-box fusion-builder-row-4 nonhundred-percent-fullwidth non-hundred-percent-height-scrolling fusion-equal-height-columns\" style=\"--awb-border-radius-top-left:0px;--awb-border-radius-top-right:0px;--awb-border-radius-bottom-right:0px;--awb-border-radius-bottom-left:0px;--awb-padding-top:0px;--awb-padding-right:0px;--awb-padding-left:0px;--awb-margin-top:0px;--awb-margin-bottom:10px;--awb-flex-wrap:wrap;\" ><div class=\"fusion-builder-row fusion-row\"><div class=\"fusion-layout-column fusion_builder_column fusion-builder-column-7 fusion_builder_column_1_1 1_1 fusion-one-full fusion-column-first fusion-column-last\" style=\"--awb-bg-size:cover;\"><div class=\"fusion-column-wrapper fusion-column-has-shadow fusion-flex-column-wrapper-legacy\"><div class=\"fusion-modal modal fade modal-1 Start_Keynote_LS\" tabindex=\"-1\" role=\"dialog\" aria-labelledby=\"modal-heading-1\" aria-hidden=\"true\" style=\"--awb-border-color:var(--awb-color3);--awb-background:#eeeeee;\"><div class=\"modal-dialog modal-lg\" role=\"document\"><div class=\"modal-content fusion-modal-content\"><div class=\"modal-header\"><button class=\"close\" type=\"button\" data-dismiss=\"modal\" aria-hidden=\"true\" aria-label=\"Schlie\u00dfen\">&times;<\/button><h3 class=\"modal-title\" id=\"modal-heading-1\" data-dismiss=\"modal\" aria-hidden=\"true\">09:30 Uhr bis 11:00 Uhr: Er\u00f6ffnungs-Rede: Inklusive Gesellschaft 2030<\/h3><\/div><div class=\"modal-body fusion-clearfix\">\n<table style=\"height: 1811px;\" width=\"941\">\n<tbody>\n<tr>\n<td width=\"302\">Die INKLUSIVA 2022 beginnt mit einer Rede.<\/p>\n<p>Gerlinde Busch und Johannes Schweizer begr\u00fc\u00dfen die Teilnehmer.<\/p>\n<p>Gerlinde Busch ist vom Zentrum f\u00fcr selbstbestimmtes Leben behinderter Menschen, Mainz.<\/p>\n<p>Johannes Schweizer ist von der Landes-Arbeitsgemeinschaft Selbsthilfe Rheinland-Pfalz.<\/p>\n<p>Das sind die Veranstalter von der INKLUSIVA.<\/p>\n<p>Danach freuen wir uns \u00fcber drei tolle Sprecher und Sprecherinnen.<\/p>\n<p>Sie reden \u00fcber Arbeit, Freizeit und Gesundheit.<\/p>\n<p>Die Sprecher und Sprecherinnen sind:<\/td>\n<td width=\"302\"><\/td>\n<\/tr>\n<tr>\n<td width=\"302\">&#8211; J\u00f6rg Greis, Er ist Gesch\u00e4ftsf\u00fchrer von der Gesellschaft f\u00fcr psycho-soziale Einrichtungen.<\/p>\n<p>Er spricht \u00fcber Arbeit.<\/td>\n<td width=\"302\"><img decoding=\"async\" class=\"alignnone wp-image-1680\" src=\"https:\/\/inklusiva.info\/wp-content\/uploads\/2022\/08\/arbeit-an-maschine-269x300.png\" alt=\"Ein Mann arbeitet an einer Maschine. Er tr\u00e4gt eine Brille, Handschuhe, Hemd und Arbeitskittel.\" width=\"267\" height=\"298\" srcset=\"https:\/\/old.inklusiva.org\/wp-content\/uploads\/2022\/08\/arbeit-an-maschine-200x223.png 200w, https:\/\/old.inklusiva.org\/wp-content\/uploads\/2022\/08\/arbeit-an-maschine-269x300.png 269w, https:\/\/old.inklusiva.org\/wp-content\/uploads\/2022\/08\/arbeit-an-maschine-400x445.png 400w, https:\/\/old.inklusiva.org\/wp-content\/uploads\/2022\/08\/arbeit-an-maschine.png 449w\" sizes=\"(max-width: 267px) 100vw, 267px\" \/><\/td>\n<\/tr>\n<tr>\n<td width=\"302\">&#8211; Dr. Brigitte Schumann, Sie ist Journalistin f\u00fcr das Thema Bildung.<\/p>\n<p>Sie spricht \u00fcber Bildung.<\/td>\n<td width=\"302\"><img decoding=\"async\" src=\"https:\/\/inklusiva.info\/wp-content\/uploads\/2022\/08\/Schule.png\" \/><\/td>\n<\/tr>\n<tr>\n<td width=\"302\">&#8211; Dr. Sigrid Arnade. Sie ist Sprecherin von der Interessen-Vertretung Selbstbestimmt Leben f\u00fcr die Themen Geschlecht und Vielfalt.<\/p>\n<p>Und sie ist Sprecherin von der LIGA Selbstvertretung.<\/p>\n<p>Sie spricht \u00fcber Freizeit.<\/td>\n<td width=\"302\"><img decoding=\"async\" class=\"alignnone size-medium wp-image-1681\" src=\"https:\/\/inklusiva.info\/wp-content\/uploads\/2022\/08\/freizeit-300x237.png\" alt=\"Es sind verschiedene Gegenst\u00e4nde zu sehen. Ein Bildschirm, ein blaues Buch, zwei Kinokarten, ein Brettspiel \" width=\"300\" height=\"237\" srcset=\"https:\/\/old.inklusiva.org\/wp-content\/uploads\/2022\/08\/freizeit-200x158.png 200w, https:\/\/old.inklusiva.org\/wp-content\/uploads\/2022\/08\/freizeit-300x237.png 300w, https:\/\/old.inklusiva.org\/wp-content\/uploads\/2022\/08\/freizeit-400x316.png 400w, https:\/\/old.inklusiva.org\/wp-content\/uploads\/2022\/08\/freizeit-600x475.png 600w, https:\/\/old.inklusiva.org\/wp-content\/uploads\/2022\/08\/freizeit.png 632w\" sizes=\"(max-width: 300px) 100vw, 300px\" \/><\/td>\n<\/tr>\n<tr>\n<td width=\"302\">&#8211; Dr. med. Matthias Schmidt-Ohlemann. Er ist Landes-Arzt f\u00fcr K\u00f6rper-Behinderte.Und er ist Vorsitzender der Deutschen Vereinigung f\u00fcr Rehabilitation.Rehabilitation hei\u00dft: Wieder-Herstellung.<\/p>\n<p>Er spricht \u00fcber Gesundheit.<\/td>\n<td width=\"302\"><img decoding=\"async\" class=\"alignnone size-medium wp-image-1682\" src=\"https:\/\/inklusiva.info\/wp-content\/uploads\/2022\/08\/krankenwagen-300x242.png\" alt=\"Es ist ein Krankenwagen mit Blaulicht zu sehen. Er ist cremefarben mit orangenen Streifen.\" width=\"300\" height=\"242\" srcset=\"https:\/\/old.inklusiva.org\/wp-content\/uploads\/2022\/08\/krankenwagen-177x142.png 177w, https:\/\/old.inklusiva.org\/wp-content\/uploads\/2022\/08\/krankenwagen-200x162.png 200w, https:\/\/old.inklusiva.org\/wp-content\/uploads\/2022\/08\/krankenwagen-300x242.png 300w, https:\/\/old.inklusiva.org\/wp-content\/uploads\/2022\/08\/krankenwagen-400x323.png 400w, https:\/\/old.inklusiva.org\/wp-content\/uploads\/2022\/08\/krankenwagen-600x485.png 600w, https:\/\/old.inklusiva.org\/wp-content\/uploads\/2022\/08\/krankenwagen.png 619w\" sizes=\"(max-width: 300px) 100vw, 300px\" \/><\/td>\n<\/tr>\n<tr>\n<td width=\"302\">Adina Hermann von den Sozialhelden moderiert.<\/p>\n<p>Das Gespr\u00e4ch gibt es in:<\/p>\n<ul>\n<li>Deutscher Geb\u00e4rdensprache<\/li>\n<li>Schrift<\/li>\n<\/ul>\n<\/td>\n<td width=\"302\"><img decoding=\"async\" class=\"alignnone size-medium wp-image-1683\" src=\"https:\/\/inklusiva.info\/wp-content\/uploads\/2022\/08\/gebaerdensprache-300x229.png\" alt=\"Eine Frau und ein Mann sind zu sehen. Der Mann geb\u00e4rdet f\u00fcr die Frau, beide schauen sich an.\" width=\"300\" height=\"229\" srcset=\"https:\/\/old.inklusiva.org\/wp-content\/uploads\/2022\/08\/gebaerdensprache-200x152.png 200w, https:\/\/old.inklusiva.org\/wp-content\/uploads\/2022\/08\/gebaerdensprache-300x229.png 300w, https:\/\/old.inklusiva.org\/wp-content\/uploads\/2022\/08\/gebaerdensprache-400x305.png 400w, https:\/\/old.inklusiva.org\/wp-content\/uploads\/2022\/08\/gebaerdensprache-600x457.png 600w, https:\/\/old.inklusiva.org\/wp-content\/uploads\/2022\/08\/gebaerdensprache.png 656w\" sizes=\"(max-width: 300px) 100vw, 300px\" \/><\/p>\n<p><img decoding=\"async\" class=\"alignnone size-medium wp-image-1684\" src=\"https:\/\/inklusiva.info\/wp-content\/uploads\/2022\/08\/schreiben-300x253.png\" alt=\"Eine Hand h\u00e4lt einen gr\u00fcnen Stift und schreibt Zeilen auf einem Blatt Papier.\" width=\"300\" height=\"253\" srcset=\"https:\/\/old.inklusiva.org\/wp-content\/uploads\/2022\/08\/schreiben-200x169.png 200w, https:\/\/old.inklusiva.org\/wp-content\/uploads\/2022\/08\/schreiben-300x253.png 300w, https:\/\/old.inklusiva.org\/wp-content\/uploads\/2022\/08\/schreiben-400x337.png 400w, https:\/\/old.inklusiva.org\/wp-content\/uploads\/2022\/08\/schreiben.png 593w\" sizes=\"(max-width: 300px) 100vw, 300px\" \/><\/td>\n<\/tr>\n<\/tbody>\n<\/table>\n<p>Bilder: \u00a9 Lebenshilfe f\u00fcr Menschen mit geistiger Behinderung Bremen e.V., Illustrator Stefan Albers, Atelier Fleetinsel, 2013.<\/p>\n<\/div><div class=\"modal-footer\"><button class=\"fusion-button button-default button-medium button default medium\" type=\"button\" data-dismiss=\"modal\">Schlie\u00dfen<\/button><\/div><\/div><\/div><\/div><div class=\"fusion-modal modal fade modal-2 Start_Keynote\" tabindex=\"-1\" role=\"dialog\" aria-labelledby=\"modal-heading-2\" aria-hidden=\"true\" style=\"--awb-border-color:var(--awb-color3);--awb-background:#eeeeee;\"><div class=\"modal-dialog modal-lg\" role=\"document\"><div class=\"modal-content fusion-modal-content\"><div class=\"modal-header\"><button class=\"close\" type=\"button\" data-dismiss=\"modal\" aria-hidden=\"true\" aria-label=\"Schlie\u00dfen\">&times;<\/button><h3 class=\"modal-title\" id=\"modal-heading-2\" data-dismiss=\"modal\" aria-hidden=\"true\">Keynote: Inklusive Gesellschaft 2030<\/h3><\/div><div class=\"modal-body fusion-clearfix\">\n<p>Mit dieser Keynote starten wir gemeinsam in die INKLUSIVA 2022. Gerlinde Busch (ZsL Mainz) und Johannes Schweizer (LAG Selbsthilfe RLP) begr\u00fc\u00dfen als Veranstaltende mit kurzen Gru\u00dfworten.<\/p>\n<p>Wir freuen uns \u00fcber vier tolle Sprecher und Sprecherinnen. Sie werden uns einen Einblick und einen Ausblick zu den Bereichen Arbeit, Bildung, Freizeit und Gesundheit geben.<\/p>\n<ol>\n<li>J\u00f6rg Greis, Gesch\u00e4ftsf\u00fchrer der Gesellschaft f\u00fcr psychosoziale Einrichtungen gGmbH (gpe) <strong>f\u00fcr den Bereich Arbeit<\/strong><\/li>\n<li>Dr. Brigitte Schumann, Bildungsjournalistin<strong> f\u00fcr den Bereich Bildung<\/strong><\/li>\n<li>Dr. Sigrid Arnade, ISL-Sprecherin f\u00fcr Gender und Diversity, Sprecherin der LIGA Selbstvertretung <strong>f\u00fcr den Bereich Freizeit<\/strong><\/li>\n<li>Dr. med. Matthias Schmidt-Ohlemann, Landesarzt f\u00fcr K\u00f6rperbehinderte und Vorsitzender der Dt. Vereinigung f\u00fcr Rehabilitation (DVfR) <strong>f\u00fcr den Bereich Gesundheit<\/strong><\/li>\n<\/ol>\n<p>Die Keynote wird moderiert von Adina Hermann von den Sozialhelden.<\/p>\n<p>Dieser Beitrag wird (live) in DGS und Schrift \u00fcbersetzt.<\/p>\n<\/div><div class=\"modal-footer\"><button class=\"fusion-button button-default button-medium button default medium\" type=\"button\" data-dismiss=\"modal\">Schlie\u00dfen<\/button><\/div><\/div><\/div><\/div><div class=\"fusion-modal modal fade modal-3 Start_Start-2\" tabindex=\"-1\" role=\"dialog\" aria-labelledby=\"modal-heading-3\" aria-hidden=\"true\" style=\"--awb-border-color:var(--awb-color3);--awb-background:#eeeeee;\"><div class=\"modal-dialog modal-lg\" role=\"document\"><div class=\"modal-content fusion-modal-content\"><div class=\"modal-header\"><button class=\"close\" type=\"button\" data-dismiss=\"modal\" aria-hidden=\"true\" aria-label=\"Schlie\u00dfen\">&times;<\/button><h3 class=\"modal-title\" id=\"modal-heading-3\" data-dismiss=\"modal\" aria-hidden=\"true\">Begr\u00fc\u00dfung Tag 2<\/h3><\/div><div class=\"modal-body fusion-clearfix\">\n<p>Beschreibung folgt.<\/p>\n<\/div><div class=\"modal-footer\"><button class=\"fusion-button button-default button-medium button default medium\" type=\"button\" data-dismiss=\"modal\">Schlie\u00dfen<\/button><\/div><\/div><\/div><\/div><div class=\"fusion-modal modal fade modal-4 Gesundheit_VZ\" tabindex=\"-1\" role=\"dialog\" aria-labelledby=\"modal-heading-4\" aria-hidden=\"true\" style=\"--awb-border-color:var(--awb-color3);--awb-background:#eeeeee;\"><div class=\"modal-dialog modal-lg\" role=\"document\"><div class=\"modal-content fusion-modal-content\"><div class=\"modal-header\"><button class=\"close\" type=\"button\" data-dismiss=\"modal\" aria-hidden=\"true\" aria-label=\"Schlie\u00dfen\">&times;<\/button><h3 class=\"modal-title\" id=\"modal-heading-4\" data-dismiss=\"modal\" aria-hidden=\"true\">Gesundheitspps auf Rezept, elektronische Patientenakte und E-Rezept<\/h3><\/div><div class=\"modal-body fusion-clearfix\">\n<p>Die fortschreitende Digitalisierung macht auch vor dem Gesundheitswesen keinen Halt. Die elektronische Patientenakte (ePA), das Elektronische Rezept (E-Rezept) und Gesundheitsapps halten Einzug in unser Leben.<\/p>\n<p>In einem Web-Seminar informiert Katharina Veit von der Verbraucherzentrale Rheinland-Pfalz \u00fcber die aktuellen Entwicklungen. Die Gesundheitsexpertin erl\u00e4utert die Vor- und Nachteile und erkl\u00e4rt, was es zu beachten gilt, wenn man das eigene Smartphone fit f\u00fcr die digitale Gesundheitsversorgung mit ePA, das E-Rezept oder Gesundheitsapps machen m\u00f6chte.<\/p>\n<p><strong>Unsere Referentin:<\/strong><\/p>\n<ul>\n<li>Katharina Veit, Gesundheitsexpertin der Verbraucherzentrale Rheinland-Pfalz<\/li>\n<\/ul>\n<p>Dieser Vortrag wird moderiert von Oliver Pfleiderer, ARQUE.<\/p>\n<\/div><div class=\"modal-footer\"><button class=\"fusion-button button-default button-medium button default medium\" type=\"button\" data-dismiss=\"modal\">Schlie\u00dfen<\/button><\/div><\/div><\/div><\/div><div class=\"fusion-modal modal fade modal-5 Gesundheit_Resilienz\" tabindex=\"-1\" role=\"dialog\" aria-labelledby=\"modal-heading-5\" aria-hidden=\"true\" style=\"--awb-border-color:var(--awb-color3);--awb-background:#eeeeee;\"><div class=\"modal-dialog modal-lg\" role=\"document\"><div class=\"modal-content fusion-modal-content\"><div class=\"modal-header\"><button class=\"close\" type=\"button\" data-dismiss=\"modal\" aria-hidden=\"true\" aria-label=\"Schlie\u00dfen\">&times;<\/button><h3 class=\"modal-title\" id=\"modal-heading-5\" data-dismiss=\"modal\" aria-hidden=\"true\">Finde deinen Weg zu mentaler Gesundheit und Resilienz<\/h3><\/div><div class=\"modal-body fusion-clearfix\">\n<p>Wie gehen wir mit Stress, Ableismus und Diskriminierungserfahrung im Privaten und im Beruf um. Wie findet man den eigenen Weg mit der eigenen Behinderung, oder der Behinderung eines Angeh\u00f6rigen, umzugehen? Wie gelingt es uns in der eigenen Kraft und Lebensfreude zu bleiben? Nina Gutermuth und Mechthild Kreuser zeigen in diesem Workshop Wege zur St\u00e4rkung der mentalen Gesundheit und Resilienz auf.<\/p>\n<p>&#8222;Sorge gut f\u00fcr dich um aus vollem Herzen geben zu k\u00f6nnen&#8220;<strong>. Nina Gutermuth<\/strong> ist Wegbegleiterin f\u00fcr Frauen und Mutter einer behinderten Tochter. Eigene Erfahrungen und die tiefe, n\u00e4hrende Kraft des Ayurveda sind die Basis ihrer Arbeit. Ein besonderer Schwerpunkt ist die Selbstf\u00fcrsorge f\u00fcr M\u00fctter von Kindern mit Behinderung. Dabei sind ihr Alltagstauglichkeit, Einfachheit und Individualit\u00e4t ganz besonders wichtig. Denn genau das braucht es um mehr Lebensenergie, Stabilit\u00e4t und nachhaltige Regeneration zu kreieren.<\/p>\n<p>Aus ihrer eigenen Erfahrung als behinderte Person hat <strong>Mechthild Kreuser<\/strong> die Erfahrung gemacht, dass regelm\u00e4\u00dfige Meditation und Yoga ihr dabei geholfen hat mit Themen der Selbst-Akzeptanz, chronischen Schmerzen und ableistischer Diskriminierung besser umgehen zu k\u00f6nnen. Dies gibt sie nun in Workshops und Trainings an andere behinderte Personen weiter. Au\u00dferdem schafft sie mit ihrem Angebot R\u00e4ume, in denen Menschen mit und ohne Behinderung achtsam zusammenkommen k\u00f6nnen, um dadurch eine inklusivere Gesellschaft zu erm\u00f6glichen.<\/p>\n<p><strong>Unsere Referentinnen:<\/strong><\/p>\n<ul>\n<li>Nina Gutermuth, Yoga &amp; Ayurveda f\u00fcr Frauen<\/li>\n<li>Mechthild Kreuser, Gr\u00fcnderin von inklusive Achtsamkeit. Sozialpsychologin (M.Sc.), MBSR-Trainerin und Yogalehrerin i.A.<\/li>\n<\/ul>\n<p>Dieser Workshop wird moderiert von Judith Kunz, LAG Selbsthilfe RLP.<\/p>\n<p>Dieser Beitrag wird (live) in DGS und Schrift \u00fcbersetzt.<\/p>\n<\/div><div class=\"modal-footer\"><button class=\"fusion-button button-default button-medium button default medium\" type=\"button\" data-dismiss=\"modal\">Schlie\u00dfen<\/button><\/div><\/div><\/div><\/div><div class=\"fusion-modal modal fade modal-6 Gesundheit_Klimawandel\" tabindex=\"-1\" role=\"dialog\" aria-labelledby=\"modal-heading-6\" aria-hidden=\"true\" style=\"--awb-border-color:var(--awb-color3);--awb-background:#eeeeee;\"><div class=\"modal-dialog modal-lg\" role=\"document\"><div class=\"modal-content fusion-modal-content\"><div class=\"modal-header\"><button class=\"close\" type=\"button\" data-dismiss=\"modal\" aria-hidden=\"true\" aria-label=\"Schlie\u00dfen\">&times;<\/button><h3 class=\"modal-title\" id=\"modal-heading-6\" data-dismiss=\"modal\" aria-hidden=\"true\">Klimawandel und Selbsthilfearbeit<\/h3><\/div><div class=\"modal-body fusion-clearfix\">\n<section class=\"pdf_page\" aria-label=\"Page 1\">\n<div class=\"textlayer\">Der Klimawandel wird das Leben und die Gesundheit der Menschen in Zukunft massiv beeinflussen \u2013 vor allem von Menschen mit Behinderungen und chronischen Erkrankungen. Was bedeutet der Klimawandel f\u00fcr sie? Wie beeinflusst er die Selbsthilfearbeit? Was k\u00f6nnen Verb\u00e4nde tun, um ihre Mitglieder in Zukunft bestm\u00f6glich zu beraten und zu sch\u00fctzen? Mit diesen Fragen befasst sich das Projekt &#8222;Klimawandel und Selbsthilfearbeit&#8220; der BAG Selbsthilfe. Dr. Martin Danner stellt in seinem Vortrag das Projekt vor und spricht \u00fcber neue Aufgaben und Herausforderungen.<\/div>\n<\/section>\n<p><strong>Unser Referent:<\/strong><\/p>\n<ul>\n<li>Dr. Martin Danner, Gesch\u00e4ftsf\u00fchrer der BAG Selbsthilfe<\/li>\n<\/ul>\n<p>Dieser Beitrag wird moderiert von Lilly Ettlich von den Sozialhelden.<\/p>\n<p>Dieser Beitrag wird (live) in DGS und Schrift \u00fcbersetzt.<\/p>\n<\/div><div class=\"modal-footer\"><button class=\"fusion-button button-default button-medium button default medium\" type=\"button\" data-dismiss=\"modal\">Schlie\u00dfen<\/button><\/div><\/div><\/div><\/div><div class=\"fusion-modal modal fade modal-7 Gesundheit_Pfleiderer\" tabindex=\"-1\" role=\"dialog\" aria-labelledby=\"modal-heading-7\" aria-hidden=\"true\" style=\"--awb-border-color:var(--awb-color3);--awb-background:#eeeeee;\"><div class=\"modal-dialog modal-lg\" role=\"document\"><div class=\"modal-content fusion-modal-content\"><div class=\"modal-header\"><button class=\"close\" type=\"button\" data-dismiss=\"modal\" aria-hidden=\"true\" aria-label=\"Schlie\u00dfen\">&times;<\/button><h3 class=\"modal-title\" id=\"modal-heading-7\" data-dismiss=\"modal\" aria-hidden=\"true\">Gesundheitssystem der Zukunft<\/h3><\/div><div class=\"modal-body fusion-clearfix\">\n<p>Unser Gesundheitssystem steht vor tiefgreifenden Ver\u00e4nderungen. In den n\u00e4chsten Jahren wird es einen zunehmenden Mangel an niedergelassenen Haus- und Fach\u00e4rzt*innen geben. Unsere Gesellschaft wird zunehmend \u00e4lter und dadurch kr\u00e4nker und pflegebed\u00fcrftiger werden. Weiterhin wird sich die Kliniklandschaft durch einen gr\u00f6\u00dferen Kostendruck und steigende Qualit\u00e4tsanforderungen wandeln.<\/p>\n<p>Die Zusammenarbeit von niedergelassenen \u00c4rzt*innen und dem station\u00e4ren Bereich gewinnt ebenso an Bedeutung wie die Digitaliserung. Gleichzeitig m\u00fcssen Berufsbilder im medizinischen Kontext umgestaltet werden, um mit dem Wandel in Gesellschaft und Gesundheitssystem Schritt zu halten.<\/p>\n<p>Oliver Pfleiderer wird in diesem Vortrag die Ver\u00e4nderungen verst\u00e4ndlich darstellen. Er wird aufzeigen, welche strukturelle Ver\u00e4nderungen gerade diskutiert werden. Und was diese Ver\u00e4nderungen f\u00fcr den Einzelnen bedeuten. M\u00f6gliche L\u00f6sungsans\u00e4tze werden ebenso aufgezeigt wie die H\u00fcrden auf dem Weg zu diesen L\u00f6sungen.<\/p>\n<p><strong>Unser Referent:<\/strong><\/p>\n<ul>\n<li>Oliver Pfleiderer, Gesch\u00e4ftsf\u00fchrer ARQUE, Arbeitsgemeinschaft f\u00fcr Querschnittsgel\u00e4hmte mit Spina bifida \/ Rhein-Main-Nahe e.V.<\/li>\n<\/ul>\n<p>Der Vortrag wird moderiert von Jennifer Wrona, Autorin &amp; Grafikdesignerin.<\/p>\n<p>Dieser Beitrag wird (live) in DGS und Schrift \u00fcbersetzt.<\/p>\n<p>Der Beitrag wird auch als Livestream auf unserer Homepage ver\u00f6ffentlicht.<\/p>\n<\/div><div class=\"modal-footer\"><button class=\"fusion-button button-default button-medium button default medium\" type=\"button\" data-dismiss=\"modal\">Schlie\u00dfen<\/button><\/div><\/div><\/div><\/div><div class=\"fusion-modal modal fade modal-8 Arbeit_Erste-Schritte\" tabindex=\"-1\" role=\"dialog\" aria-labelledby=\"modal-heading-8\" aria-hidden=\"true\" style=\"--awb-border-color:var(--awb-color3);--awb-background:#eeeeee;\"><div class=\"modal-dialog modal-lg\" role=\"document\"><div class=\"modal-content fusion-modal-content\"><div class=\"modal-header\"><button class=\"close\" type=\"button\" data-dismiss=\"modal\" aria-hidden=\"true\" aria-label=\"Schlie\u00dfen\">&times;<\/button><h3 class=\"modal-title\" id=\"modal-heading-8\" data-dismiss=\"modal\" aria-hidden=\"true\">In Chancen denken, Potentiale nutzen \u2013 Erste Schritte hin zu Inklusion und Barrierefreiheit am Arbeitsplatz<\/h3><\/div><div class=\"modal-body fusion-clearfix\">\n<p>In diesem Beitrag wollen wir uns damit auseinandersetzen, welche praktischen Schritte Arbeitgeber*innen f\u00fcr Barrierefreiheit und Inklusion gehen k\u00f6nnen. Was hei\u00dft Barrierefreiheit und Inklusion eigentlich genau? Welche Themen geh\u00f6ren dazu? Wie und wo kann man als Arbeitgeber*in beginnen und wo kann man sich welche Unterst\u00fctzung holen?<\/p>\n<p>Lorena von Gordon engagiert sich als Expertin in eigener Sache ehrenamtlich f\u00fcr das Thema Organspende und f\u00fcr die Aktion Luftsprung e.V. Hier ber\u00e4t sie Jugendliche und junge Erwachsene zum Jobeinstieg, Bewerbungsverfahren und den Umgang mit chronischen Erkrankungen im Berufsleben.<\/p>\n<p>Kathrin Kerschbaumer ist bei myAbility als DisAbility Recruiting Consultant t\u00e4tig. Sie ist f\u00fcr myAbility.jobs zust\u00e4ndig und unterst\u00fctzt Unternehmen dabei, ihren Recruiting-Prozess inklusiv zu gestalten, dadurch ihren Talente-Pool zu vergr\u00f6\u00dfern und die Employer Brand zu st\u00e4rken.<\/p>\n<p><strong>Unsere Referentinnen:<\/strong><\/p>\n<ul>\n<li>Lorena von Gordon, aktion luftsprung\/ fit4job<\/li>\n<li>Kathrin Kerschbaumer, myAbility Social Entreprise GmbH<\/li>\n<\/ul>\n<p>Dieser Vortrag wird moderiert von Judith Kunz, LAG Selbsthilfe RLP.<\/p>\n<p>Dieser Beitrag wird (live) in DGS und Schrift \u00fcbersetzt.<\/p>\n<\/div><div class=\"modal-footer\"><button class=\"fusion-button button-default button-medium button default medium\" type=\"button\" data-dismiss=\"modal\">Schlie\u00dfen<\/button><\/div><\/div><\/div><\/div><div class=\"fusion-modal modal fade modal-9 Arbeit_Erster-Arbeitsmarkt_LS\" tabindex=\"-1\" role=\"dialog\" aria-labelledby=\"modal-heading-9\" aria-hidden=\"true\" style=\"--awb-border-color:var(--awb-color3);--awb-background:#eeeeee;\"><div class=\"modal-dialog modal-lg\" role=\"document\"><div class=\"modal-content fusion-modal-content\"><div class=\"modal-header\"><button class=\"close\" type=\"button\" data-dismiss=\"modal\" aria-hidden=\"true\" aria-label=\"Schlie\u00dfen\">&times;<\/button><h3 class=\"modal-title\" id=\"modal-heading-9\" data-dismiss=\"modal\" aria-hidden=\"true\">11:00 Uhr bis 12:30 Uhr: Wege auf den ersten Arbeitsmarkt (Gespr\u00e4chs-Runde)<\/h3><\/div><div class=\"modal-body fusion-clearfix\">\n<table style=\"height: 1297px;\" width=\"873\">\n<tbody>\n<tr>\n<td width=\"302\">Erster Arbeitsmarkt hei\u00dft:<br \/>\nMenschen arbeiten zum Beispiel im B\u00fcro oder in einer K\u00fcche au\u00dferhalb der Werkstatt.<\/td>\n<td width=\"302\"><img decoding=\"async\" class=\"alignnone size-medium wp-image-1708\" src=\"https:\/\/inklusiva.info\/wp-content\/uploads\/2022\/08\/buero-2-300x293.png\" alt=\"Eine Person arbeitet in einem B\u00fcro. Sie sitzt an einem Schreibtisch mit Computer, Aktenordner und einem Blatt Papier. Mit einem Stift schreibt sie etwas darauf. Im HIntergrund sieht man einen Schrank mit T\u00fcren und Aktenordnern.\" width=\"300\" height=\"293\" srcset=\"https:\/\/old.inklusiva.org\/wp-content\/uploads\/2022\/08\/buero-2-200x195.png 200w, https:\/\/old.inklusiva.org\/wp-content\/uploads\/2022\/08\/buero-2-300x293.png 300w, https:\/\/old.inklusiva.org\/wp-content\/uploads\/2022\/08\/buero-2-400x391.png 400w, https:\/\/old.inklusiva.org\/wp-content\/uploads\/2022\/08\/buero-2.png 512w\" sizes=\"(max-width: 300px) 100vw, 300px\" \/><\/td>\n<\/tr>\n<tr>\n<td width=\"302\">Gerlinde Busch spricht mit 3 Menschen mit Behinderungen.<\/p>\n<p>Sie erz\u00e4hlen:<br \/>\nSo habe ich es auf den ersten Arbeitsmarkt geschafft.<\/p>\n<p>Die Geschichten sind spannend:<br \/>\n&#8211; Jan arbeitet als Pferde-Pfleger.<br \/>\n&#8211; Dominik arbeitet als Koch im Kindergarten.<br \/>\n&#8211; Lukas hat studiert und eine Firma gegr\u00fcndet.<\/p>\n<p>Ihr k\u00f6nnt gerne Fragen stellen.<\/td>\n<td width=\"302\"><\/td>\n<\/tr>\n<tr>\n<td width=\"302\">Die Sprecher sind:<br \/>\n&#8211; Jan Rehbein<br \/>\n&#8211; Dominik Porth<br \/>\n&#8211; Lukas Krause<\/td>\n<td width=\"302\"><\/td>\n<\/tr>\n<tr>\n<td width=\"302\">Gerlinde Busch spricht mit Jan, Dominik und Lukas.<\/p>\n<p>Gerlinde Busch ist vom Zentrum f\u00fcr selbstbestimmtes Leben behinderter Menschen, Mainz.<br \/>\nDie Kurzform ist ZsL.<\/td>\n<td width=\"302\"><\/td>\n<\/tr>\n<tr>\n<td width=\"302\">Stephan Heym leitet das Gespr\u00e4ch. Auch Stephan Heym ist vom ZsL.<\/td>\n<td width=\"302\"><\/td>\n<\/tr>\n<tr>\n<td width=\"302\">Das Gespr\u00e4ch gibt es in:<\/p>\n<ul>\n<li>Deutscher Geb\u00e4rdensprache<\/li>\n<li>Schrift<\/li>\n<\/ul>\n<\/td>\n<td width=\"302\"><img decoding=\"async\" class=\"alignnone size-medium wp-image-1683\" src=\"https:\/\/inklusiva.info\/wp-content\/uploads\/2022\/08\/gebaerdensprache-300x229.png\" alt=\"Eine Frau und ein Mann sind zu sehen. Der Mann geb\u00e4rdet f\u00fcr die Frau, beide schauen sich an.\" width=\"300\" height=\"229\" srcset=\"https:\/\/old.inklusiva.org\/wp-content\/uploads\/2022\/08\/gebaerdensprache-200x152.png 200w, https:\/\/old.inklusiva.org\/wp-content\/uploads\/2022\/08\/gebaerdensprache-300x229.png 300w, https:\/\/old.inklusiva.org\/wp-content\/uploads\/2022\/08\/gebaerdensprache-400x305.png 400w, https:\/\/old.inklusiva.org\/wp-content\/uploads\/2022\/08\/gebaerdensprache-600x457.png 600w, https:\/\/old.inklusiva.org\/wp-content\/uploads\/2022\/08\/gebaerdensprache.png 656w\" sizes=\"(max-width: 300px) 100vw, 300px\" \/><\/p>\n<p><img decoding=\"async\" class=\"alignnone size-medium wp-image-1684\" src=\"https:\/\/inklusiva.info\/wp-content\/uploads\/2022\/08\/schreiben-300x253.png\" alt=\"Eine Hand h\u00e4lt einen gr\u00fcnen Stift und schreibt Zeilen auf einem Blatt Papier.\" width=\"300\" height=\"253\" srcset=\"https:\/\/old.inklusiva.org\/wp-content\/uploads\/2022\/08\/schreiben-200x169.png 200w, https:\/\/old.inklusiva.org\/wp-content\/uploads\/2022\/08\/schreiben-300x253.png 300w, https:\/\/old.inklusiva.org\/wp-content\/uploads\/2022\/08\/schreiben-400x337.png 400w, https:\/\/old.inklusiva.org\/wp-content\/uploads\/2022\/08\/schreiben.png 593w\" sizes=\"(max-width: 300px) 100vw, 300px\" \/><\/td>\n<\/tr>\n<\/tbody>\n<\/table>\n<p>Bilder: \u00a9 Lebenshilfe f\u00fcr Menschen mit geistiger Behinderung Bremen e.V., Illustrator Stefan Albers, Atelier Fleetinsel, 2013.<\/p>\n<\/div><div class=\"modal-footer\"><button class=\"fusion-button button-default button-medium button default medium\" type=\"button\" data-dismiss=\"modal\">Schlie\u00dfen<\/button><\/div><\/div><\/div><\/div><div class=\"fusion-modal modal fade modal-10 Arbeit_Erster-Arbeitsmarkt\" tabindex=\"-1\" role=\"dialog\" aria-labelledby=\"modal-heading-10\" aria-hidden=\"true\" style=\"--awb-border-color:var(--awb-color3);--awb-background:#eeeeee;\"><div class=\"modal-dialog modal-lg\" role=\"document\"><div class=\"modal-content fusion-modal-content\"><div class=\"modal-header\"><button class=\"close\" type=\"button\" data-dismiss=\"modal\" aria-hidden=\"true\" aria-label=\"Schlie\u00dfen\">&times;<\/button><h3 class=\"modal-title\" id=\"modal-heading-10\" data-dismiss=\"modal\" aria-hidden=\"true\">Wege auf den ersten Arbeitsmarkt<\/h3><\/div><div class=\"modal-body fusion-clearfix\">\n<p>Gerlinde Busch unterh\u00e4lt sich in dieser Runde mit drei Menschen mit Behinderungen. Sie interviewt sie zu ihrem Weg auf den ersten Arbeitsmarkt. Jeder bringt eine spannende Geschichte mit. Jan arbeitet heute als Pferdepfleger. Dominik arbeitet als Koch in einer Kindertagesst\u00e4tte. Lukas hat nach dem Studium ein Unternehmen gegr\u00fcndet. Ihr seid herzlich eingeladen eure Fragen zu stellen.<\/p>\n<p>Unsere Gespr\u00e4chspartner:<\/p>\n<ul>\n<li>Jan Rehbein<\/li>\n<li>Dominik Porth<\/li>\n<li>Lukas Krause<\/li>\n<\/ul>\n<p>Die Gespr\u00e4che werden gef\u00fchrt von Gerlinde Busch, ZsL Mainz. Als Moderator mit dabei ist Stephan Heym, ZsL Mainz.<\/p>\n<p>Dieser Beitrag wird (live) in DGS und Schrift \u00fcbersetzt.<\/p>\n<\/div><div class=\"modal-footer\"><button class=\"fusion-button button-default button-medium button default medium\" type=\"button\" data-dismiss=\"modal\">Schlie\u00dfen<\/button><\/div><\/div><\/div><\/div><div class=\"fusion-modal modal fade modal-11 Freizeit_KINO_LS\" tabindex=\"-1\" role=\"dialog\" aria-labelledby=\"modal-heading-11\" aria-hidden=\"true\" style=\"--awb-border-color:var(--awb-color3);--awb-background:#eeeeee;\"><div class=\"modal-dialog modal-lg\" role=\"document\"><div class=\"modal-content fusion-modal-content\"><div class=\"modal-header\"><button class=\"close\" type=\"button\" data-dismiss=\"modal\" aria-hidden=\"true\" aria-label=\"Schlie\u00dfen\">&times;<\/button><h3 class=\"modal-title\" id=\"modal-heading-11\" data-dismiss=\"modal\" aria-hidden=\"true\">11:00 Uhr bis 12:30 Uhr: Kommune Inklusiv Nieder-Olm (Gespr\u00e4chs-Runde)<\/h3><\/div><div class=\"modal-body fusion-clearfix\">\n<table style=\"height: 1400px;\" width=\"781\">\n<tbody>\n<tr>\n<td width=\"302\">Orte sollen inklusiver werden.<\/p>\n<p>Deshalb f\u00f6rdert die Aktion Mensch das Projekt Kommune Inklusiv.<\/p>\n<p>Die St\u00e4dte Schneverdingen und Nieder-Olm haben mitgemacht.<\/p>\n<p>Sie sprechen \u00fcber ihre Erfahrungen.<\/td>\n<td width=\"302\"><img decoding=\"async\" class=\"alignnone size-medium wp-image-1688\" src=\"https:\/\/inklusiva.info\/wp-content\/uploads\/2022\/08\/inklusion-300x231.png\" alt=\"Eine Gruppe von elf Menschen in unterschiedlichem Alter, K\u00f6rpergr\u00f6\u00dfe, Kleidung, Hautfarbe und Einschr\u00e4nkung. Alle stehen gemeinsam und blicken freundlich. Alle haben Teil und sind inkludiert.\" width=\"300\" height=\"231\" srcset=\"https:\/\/old.inklusiva.org\/wp-content\/uploads\/2022\/08\/inklusion-200x154.png 200w, https:\/\/old.inklusiva.org\/wp-content\/uploads\/2022\/08\/inklusion-300x231.png 300w, https:\/\/old.inklusiva.org\/wp-content\/uploads\/2022\/08\/inklusion-400x309.png 400w, https:\/\/old.inklusiva.org\/wp-content\/uploads\/2022\/08\/inklusion-600x463.png 600w, https:\/\/old.inklusiva.org\/wp-content\/uploads\/2022\/08\/inklusion.png 648w\" sizes=\"(max-width: 300px) 100vw, 300px\" \/><\/td>\n<\/tr>\n<tr>\n<td width=\"302\">Die Sprecher und Sprecherinnen sind:<\/p>\n<p>Schneverdingen:<\/p>\n<p>&#8211; Ulrike Schloo. Sie ordnet die Aufgaben im Projekt Kommune Inklusiv. Sie ist von der Lebenshilfe Soltau e. V.<\/p>\n<p>&#8211; Jessica Bleifu\u00df. Sie hat den \u00dcberblick \u00fcber Kommune Inklusiv.<br \/>\nSie ist von der Lebenshilfe Soltau e. V.<\/p>\n<p>&#8211; Meike Moog-Steffens, B\u00fcrgermeisterin Schneverdingen<\/p>\n<p>&#8211; Gerhard Suder, Vorstand und Gesch\u00e4fts-F\u00fchrer Lebenshilfe Soltau e.V.<\/td>\n<td width=\"302\"><\/td>\n<\/tr>\n<tr>\n<td width=\"302\">Adina Hermann von den Sozialhelden leitet das Gespr\u00e4ch.<\/td>\n<td width=\"302\"><\/td>\n<\/tr>\n<tr>\n<td width=\"302\">Das Gespr\u00e4ch gibt es in:<\/p>\n<ul>\n<li>Deutscher Geb\u00e4rdensprache<\/li>\n<li>Schrift<\/li>\n<\/ul>\n<\/td>\n<td width=\"302\"><img decoding=\"async\" class=\"alignnone size-medium wp-image-1683\" src=\"https:\/\/inklusiva.info\/wp-content\/uploads\/2022\/08\/gebaerdensprache-300x229.png\" alt=\"Eine Frau und ein Mann sind zu sehen. Der Mann geb\u00e4rdet f\u00fcr die Frau, beide schauen sich an.\" width=\"300\" height=\"229\" srcset=\"https:\/\/old.inklusiva.org\/wp-content\/uploads\/2022\/08\/gebaerdensprache-200x152.png 200w, https:\/\/old.inklusiva.org\/wp-content\/uploads\/2022\/08\/gebaerdensprache-300x229.png 300w, https:\/\/old.inklusiva.org\/wp-content\/uploads\/2022\/08\/gebaerdensprache-400x305.png 400w, https:\/\/old.inklusiva.org\/wp-content\/uploads\/2022\/08\/gebaerdensprache-600x457.png 600w, https:\/\/old.inklusiva.org\/wp-content\/uploads\/2022\/08\/gebaerdensprache.png 656w\" sizes=\"(max-width: 300px) 100vw, 300px\" \/><br \/>\n<img decoding=\"async\" class=\"alignnone size-medium wp-image-1684\" src=\"https:\/\/inklusiva.info\/wp-content\/uploads\/2022\/08\/schreiben-300x253.png\" alt=\"Eine Hand h\u00e4lt einen gr\u00fcnen Stift und schreibt Zeilen auf einem Blatt Papier.\" width=\"300\" height=\"253\" srcset=\"https:\/\/old.inklusiva.org\/wp-content\/uploads\/2022\/08\/schreiben-200x169.png 200w, https:\/\/old.inklusiva.org\/wp-content\/uploads\/2022\/08\/schreiben-300x253.png 300w, https:\/\/old.inklusiva.org\/wp-content\/uploads\/2022\/08\/schreiben-400x337.png 400w, https:\/\/old.inklusiva.org\/wp-content\/uploads\/2022\/08\/schreiben.png 593w\" sizes=\"(max-width: 300px) 100vw, 300px\" \/><\/td>\n<\/tr>\n<\/tbody>\n<\/table>\n<p>Bilder: \u00a9 Lebenshilfe f\u00fcr Menschen mit geistiger Behinderung Bremen e.V., Illustrator Stefan Albers, Atelier Fleetinsel, 2013.<\/p>\n<\/div><div class=\"modal-footer\"><button class=\"fusion-button button-default button-medium button default medium\" type=\"button\" data-dismiss=\"modal\">Schlie\u00dfen<\/button><\/div><\/div><\/div><\/div><div class=\"fusion-modal modal fade modal-12 Freizeit_KINO\" tabindex=\"-1\" role=\"dialog\" aria-labelledby=\"modal-heading-12\" aria-hidden=\"true\" style=\"--awb-border-color:var(--awb-color3);--awb-background:#eeeeee;\"><div class=\"modal-dialog modal-lg\" role=\"document\"><div class=\"modal-content fusion-modal-content\"><div class=\"modal-header\"><button class=\"close\" type=\"button\" data-dismiss=\"modal\" aria-hidden=\"true\" aria-label=\"Schlie\u00dfen\">&times;<\/button><h3 class=\"modal-title\" id=\"modal-heading-12\" data-dismiss=\"modal\" aria-hidden=\"true\">Kommune Inklusiv. Ein Modellprojekt f\u00fcr gelebte Inklusion.<\/h3><\/div><div class=\"modal-body fusion-clearfix\">\n<p>Mit dem von Aktion Mensch gef\u00f6rderten Projekt &#8222;Kommune Inklusiv&#8220; sollen Anreize gesetzt werden, Orte und Gesellschaften inklusiver zu gestalten. Die Modellkommunen Schneverdingen pr\u00e4sentiert auf der INKLUSIVA ihre Erfahrungen und die weiteren Ziele f\u00fcr die Kommunen. Mit in der Runde wird auch Gerlinde Busch von der Modellkommune Nieder-Olm sein. An beide Vertreter*innen der tollen Projekte, k\u00f6nnen Fragen gestellt werden.<\/p>\n<p><strong>Schneverdingen:<\/strong><\/p>\n<ul>\n<li>Ulrike Schloo, Projekt-Koordination Kommune Inklusiv, Lebenshilfe Soltau e.V.<\/li>\n<li>Jessica Bleifu\u00df, Koordinatorin Kommune Inklusiv, Lebenshilfe Soltau e.V.<\/li>\n<li>Meike Moog-Steffens, B\u00fcrgermeisterin Schneverdingen<\/li>\n<li>Gerhard Suder, Vorstand\/Gesch\u00e4ftsf\u00fchrer Lebenshilfe Soltau e.V.<\/li>\n<\/ul>\n<p>Die Gespr\u00e4chsrunde wird moderiert von Adina Hermann von den Sozialhelden.<\/p>\n<p>Dieser Beitrag wird (live) in DGS und Schrift \u00fcbersetzt.<\/p>\n<\/div><div class=\"modal-footer\"><button class=\"fusion-button button-default button-medium button default medium\" type=\"button\" data-dismiss=\"modal\">Schlie\u00dfen<\/button><\/div><\/div><\/div><\/div><div class=\"fusion-modal modal fade modal-13 Arbeit_Werkstatt_LS\" tabindex=\"-1\" role=\"dialog\" aria-labelledby=\"modal-heading-13\" aria-hidden=\"true\" style=\"--awb-border-color:var(--awb-color3);--awb-background:#eeeeee;\"><div class=\"modal-dialog modal-lg\" role=\"document\"><div class=\"modal-content fusion-modal-content\"><div class=\"modal-header\"><button class=\"close\" type=\"button\" data-dismiss=\"modal\" aria-hidden=\"true\" aria-label=\"Schlie\u00dfen\">&times;<\/button><h3 class=\"modal-title\" id=\"modal-heading-13\" data-dismiss=\"modal\" aria-hidden=\"true\">13:00 bis 14:30 Uhr: Teilhabe bei der Arbeit im Jahr 2030 (Gespr\u00e4chs-Runde)<\/h3><\/div><div class=\"modal-body fusion-clearfix\">\n<table style=\"height: 1396px;\" width=\"828\">\n<tbody>\n<tr>\n<td width=\"302\">&#8211; Wie stellen wir uns Teilhabe bei der Arbeit vor?<\/p>\n<p>&#8211; Was wird heut (schon) f\u00fcr Teilhabe getan?<\/p>\n<p>&#8211; Welche Ideen und W\u00fcnsche haben wir noch?<\/p>\n<p>&#8211; Was m\u00fcssen wir heute \u00e4ndern, damit wir 2030 Teilhabe erreichen?<\/td>\n<td width=\"302\"><img decoding=\"async\" class=\"alignnone size-medium wp-image-1703\" src=\"https:\/\/inklusiva.info\/wp-content\/uploads\/2022\/08\/arbeit_verpackung-300x283.png\" alt=\"Drei Menschen sind um einen Tisch gruppiert. Zwei Menschen stehen am Tisch, eine Person sitzt im Rollstuhl am Tisch. Die drei Personen arbeiten gemeinsam an der Verpackung von Objekten. Teilhabe bei der Arbeit.\" width=\"300\" height=\"283\" srcset=\"https:\/\/old.inklusiva.org\/wp-content\/uploads\/2022\/08\/arbeit_verpackung-200x189.png 200w, https:\/\/old.inklusiva.org\/wp-content\/uploads\/2022\/08\/arbeit_verpackung-300x283.png 300w, https:\/\/old.inklusiva.org\/wp-content\/uploads\/2022\/08\/arbeit_verpackung-400x377.png 400w, https:\/\/old.inklusiva.org\/wp-content\/uploads\/2022\/08\/arbeit_verpackung.png 530w\" sizes=\"(max-width: 300px) 100vw, 300px\" \/><\/td>\n<\/tr>\n<tr>\n<td width=\"302\">\u00dcber diese Fragen sprechen:<\/p>\n<p>&#8211; Lukas Kr\u00e4mer. Er k\u00e4mpft f\u00fcr Teilhabe. Sein Thema sind Werkst\u00e4tten f\u00fcr Menschen mit Behinderungen.<\/p>\n<p>&#8211; Andreas Kaiser, Vorstand der Landes-Arbeitsgemeinschaft Werkstatt-R\u00e4te<\/p>\n<p>&#8211; Monja Seckler-Classen vom F\u00fcrsorge-Werk Zoar, Regional-Leitung Rhein-Nahe-Hunsr\u00fcck<\/p>\n<p>&#8211; Corinna R\u00fcffer, Politikerin aus dem Bundestag, Fraktion B\u00fcndnis 90\/Die Gr\u00fcnen<\/td>\n<td width=\"302\"><\/td>\n<\/tr>\n<tr>\n<td width=\"302\">Adina Hermann von den Sozialhelden leitet das Gespr\u00e4ch.<\/td>\n<td width=\"302\"><\/td>\n<\/tr>\n<tr>\n<td width=\"302\">Das Gespr\u00e4ch gibt es in:<\/p>\n<ul>\n<li>Deutscher Geb\u00e4rdensprache<\/li>\n<li>Schrift<\/li>\n<\/ul>\n<\/td>\n<td width=\"302\"><img decoding=\"async\" class=\"alignnone size-medium wp-image-1683\" src=\"https:\/\/inklusiva.info\/wp-content\/uploads\/2022\/08\/gebaerdensprache-300x229.png\" alt=\"Eine Frau und ein Mann sind zu sehen. Der Mann geb\u00e4rdet f\u00fcr die Frau, beide schauen sich an.\" width=\"300\" height=\"229\" srcset=\"https:\/\/old.inklusiva.org\/wp-content\/uploads\/2022\/08\/gebaerdensprache-200x152.png 200w, https:\/\/old.inklusiva.org\/wp-content\/uploads\/2022\/08\/gebaerdensprache-300x229.png 300w, https:\/\/old.inklusiva.org\/wp-content\/uploads\/2022\/08\/gebaerdensprache-400x305.png 400w, https:\/\/old.inklusiva.org\/wp-content\/uploads\/2022\/08\/gebaerdensprache-600x457.png 600w, https:\/\/old.inklusiva.org\/wp-content\/uploads\/2022\/08\/gebaerdensprache.png 656w\" sizes=\"(max-width: 300px) 100vw, 300px\" \/><\/p>\n<p><img decoding=\"async\" class=\"alignnone size-medium wp-image-1684\" src=\"https:\/\/inklusiva.info\/wp-content\/uploads\/2022\/08\/schreiben-300x253.png\" alt=\"Eine Hand h\u00e4lt einen gr\u00fcnen Stift und schreibt Zeilen auf einem Blatt Papier.\" width=\"300\" height=\"253\" srcset=\"https:\/\/old.inklusiva.org\/wp-content\/uploads\/2022\/08\/schreiben-200x169.png 200w, https:\/\/old.inklusiva.org\/wp-content\/uploads\/2022\/08\/schreiben-300x253.png 300w, https:\/\/old.inklusiva.org\/wp-content\/uploads\/2022\/08\/schreiben-400x337.png 400w, https:\/\/old.inklusiva.org\/wp-content\/uploads\/2022\/08\/schreiben.png 593w\" sizes=\"(max-width: 300px) 100vw, 300px\" \/><\/td>\n<\/tr>\n<tr>\n<td width=\"302\"><\/td>\n<td width=\"302\"><\/td>\n<\/tr>\n<\/tbody>\n<\/table>\n<p>Bilder: \u00a9 Lebenshilfe f\u00fcr Menschen mit geistiger Behinderung Bremen e.V., Illustrator Stefan Albers, Atelier Fleetinsel, 2013.<\/p>\n<\/div><div class=\"modal-footer\"><button class=\"fusion-button button-default button-medium button default medium\" type=\"button\" data-dismiss=\"modal\">Schlie\u00dfen<\/button><\/div><\/div><\/div><\/div><div class=\"fusion-modal modal fade modal-14 Arbeit_Werkstatt\" tabindex=\"-1\" role=\"dialog\" aria-labelledby=\"modal-heading-14\" aria-hidden=\"true\" style=\"--awb-border-color:var(--awb-color3);--awb-background:#eeeeee;\"><div class=\"modal-dialog modal-lg\" role=\"document\"><div class=\"modal-content fusion-modal-content\"><div class=\"modal-header\"><button class=\"close\" type=\"button\" data-dismiss=\"modal\" aria-hidden=\"true\" aria-label=\"Schlie\u00dfen\">&times;<\/button><h3 class=\"modal-title\" id=\"modal-heading-14\" data-dismiss=\"modal\" aria-hidden=\"true\">Inklusiver Arbeitsmarkt 2030<\/h3><\/div><div class=\"modal-body fusion-clearfix\">\n<ul>\n<li>Wie stellen wir uns eine inklusive Arbeitswelt vor?<\/li>\n<li>Was wird heut (schon) f\u00fcr eine inklusive Arbeitswelt getan?<\/li>\n<li>Welche Ideen und Visionen gibt es dar\u00fcber hinaus?<\/li>\n<li>Und welche Voraussetzungen m\u00fcssen heute daf\u00fcr geschaffen werden?<\/li>\n<\/ul>\n<p>Zu diesen und weiteren Fragen wollen wir uns in kleiner Runde austauschen.<\/p>\n<p><strong>Unsere Gespr\u00e4chspartner*innen:<\/strong><\/p>\n<ul>\n<li>Lukas Kr\u00e4mer, Aktivist f\u00fcr Inklusion &amp; WfbM<\/li>\n<li>Andreas Kaiser, LAG Werkstattr\u00e4te, Vorstand<\/li>\n<li>Monja Seckler-Classen, Zoar, Regionalleitung Rhein-Nahe-Hunsr\u00fcck<\/li>\n<li>Corinna R\u00fcffer, MdB, Fraktion B\u00fcndnis 90\/Die Gr\u00fcnen<\/li>\n<\/ul>\n<p>Die Gespr\u00e4chsrunde wird moderiert von Adina Hermann von den Sozialhelden.<\/p>\n<p>Dieser Beitrag wird (live) in DGS und Schrift \u00fcbersetzt.<\/p>\n<\/div><div class=\"modal-footer\"><button class=\"fusion-button button-default button-medium button default medium\" type=\"button\" data-dismiss=\"modal\">Schlie\u00dfen<\/button><\/div><\/div><\/div><\/div><div class=\"fusion-modal modal fade modal-15 Bildung_Diklusion\" tabindex=\"-1\" role=\"dialog\" aria-labelledby=\"modal-heading-15\" aria-hidden=\"true\" style=\"--awb-border-color:var(--awb-color3);--awb-background:#eeeeee;\"><div class=\"modal-dialog modal-lg\" role=\"document\"><div class=\"modal-content fusion-modal-content\"><div class=\"modal-header\"><button class=\"close\" type=\"button\" data-dismiss=\"modal\" aria-hidden=\"true\" aria-label=\"Schlie\u00dfen\">&times;<\/button><h3 class=\"modal-title\" id=\"modal-heading-15\" data-dismiss=\"modal\" aria-hidden=\"true\">Digitale, inklusive Bildung - Wie gestalten wir gemeinsames Lernen?<\/h3><\/div><div class=\"modal-body fusion-clearfix\">\n<p style=\"font-weight: 400;\">\u201eTeilhabe f\u00fcr Alle\u201c im Klassenzimmer. Gemeinsames Lernen, voneinander und miteinander. Mit welchen Medien und Methoden das gelingen kann, zeigen uns Dr. Lea Schulz und Anke Sch\u00f6ttler in diesem Workshop.<\/p>\n<p style=\"font-weight: 400;\">Sie bringen Ideen zur Gestaltung von Inhalten und Lernen mit, damit ihr digitale-inklusive Bildung erfolgreich in Unterricht und Projektarbeit einsetzen k\u00f6nnt. Es braucht nicht mehr als eure Lust aufs Experimentieren.<\/p>\n<p style=\"font-weight: 400;\">Dr. Lea Schulz vermittelt das Wissen, wie ihr durch, mit und \u00fcber digitale Medien, Lerninhalte so gestalten k\u00f6nnt, dass alle Sch\u00fcler*innen gemeinsam am gleichen Stoff arbeiten k\u00f6nnen. Jede*r in der Form, die den eigenen Ressourcen entspricht.<\/p>\n<p style=\"font-weight: 400;\">Anke Sch\u00f6ttler zeigt ganz praktisch am Beispiel der EiS-App, wie eine gemeinsame sprachliche Basis aufgebaut werden kann und zum Schl\u00fcssel f\u00fcr Teilhabe in inklusiven Lernsettings wird.<\/p>\n<p><strong>Referentinnen<\/strong><\/p>\n<ul>\n<li>Dr. Lea Schulz, Diklusions-Expertin, Sonderp\u00e4dagogin, Unterrrichtsforscherin an der Uni Flensburg (<a href=\"https:\/\/leaschulz.com\/\">https:\/\/leaschulz.com<\/a>)<\/li>\n<li>Anke Sch\u00f6ttler, Initiatorin einer inklusiven Sprachlern-App &#8211; EiS-App (<a href=\"https:\/\/www.eis-app.de\">https:\/\/www.eis-app.de<\/a>) \/ Gr\u00fcnderin W\u00f6rterfabrik f\u00fcr Unterst\u00fctzte Kommunikation<\/li>\n<\/ul>\n<p>Dieser Workshop wird moderiert von Judith Kunz, LAG Selbsthilfe RLP.<\/p>\n<p>Dieser Beitrag wird (live) in DGS und Schrift \u00fcbersetzt.<\/p>\n<p><strong>Wer die EiS-App im Workshop direkt selbst ausprobieren m\u00f6chte, kann diese bereits im Vorfeld herunterladen:<\/strong><\/p>\n<ul>\n<li>F\u00fcr Android-Ger\u00e4te: <a href=\"https:\/\/play.google.com\/store\/apps\/details?id=de.woerterfabrik.eis_app\">https:\/\/play.google.com\/store\/apps\/details?id=de.woerterfabrik.eis_app<\/a><\/li>\n<li>F\u00fcr Apple-Ger\u00e4te: <u><a href=\"https:\/\/apps.apple.com\/de\/app\/eis-app\/id1481083656\">https:\/\/apps.apple.com\/de\/app\/eis-app\/id1481083656<\/a><\/u><\/li>\n<li>Dann sind es noch drei Schritte:<\/li>\n<\/ul>\n<ol>\n<li style=\"list-style-type: none;\">\n<ol>\n<li>Mit E-Mail und Passwort in der EiS-App registrieren.<\/li>\n<li>Link in Best\u00e4tigungsmail anklicken, um Account zu erstellen.<\/li>\n<li>E-Mail an Anke Sch\u00f6ttler (<a href=\"mailto:aschoettler@eis-app.de\">aschoettler@eis-app.de<\/a>) schicken, mit der Info unter welcher E-Mail-Adresse die Registrierung vorgenommen wurde und dem Code INKLUSIVA22 .<\/li>\n<\/ol>\n<\/li>\n<\/ol>\n<p>Anke Sch\u00f6ttler schaltet dann ein kostenfreies Probe-Abo f\u00fcr einen Monat frei und der gesamte Wortschatz kann heruntergeladen werden.<\/p>\n<p>Anschlie\u00dfend steht die EiS-App auch offline zur Verf\u00fcgung.<\/p>\n<\/div><div class=\"modal-footer\"><button class=\"fusion-button button-default button-medium button default medium\" type=\"button\" data-dismiss=\"modal\">Schlie\u00dfen<\/button><\/div><\/div><\/div><\/div><div class=\"fusion-modal modal fade modal-16 Freizeit_Reichweite\" tabindex=\"-1\" role=\"dialog\" aria-labelledby=\"modal-heading-16\" aria-hidden=\"true\" style=\"--awb-border-color:var(--awb-color3);--awb-background:#eeeeee;\"><div class=\"modal-dialog modal-lg\" role=\"document\"><div class=\"modal-content fusion-modal-content\"><div class=\"modal-header\"><button class=\"close\" type=\"button\" data-dismiss=\"modal\" aria-hidden=\"true\" aria-label=\"Schlie\u00dfen\">&times;<\/button><h3 class=\"modal-title\" id=\"modal-heading-16\" data-dismiss=\"modal\" aria-hidden=\"true\">Wie gewinnt man Reichweite und Geh\u00f6r f\u00fcr die eigene Sache?<\/h3><\/div><div class=\"modal-body fusion-clearfix\">\n<p>\u201eSchule muss anders\u201c. Mit starker Forderung und starker Stimme treten die Berliner lokal und digital auf. In diesem Beitrag erfahren wir mehr zu ihrem Weg. Wie aus einzelnen Personen ein B\u00fcndnis wurde. Und aus einem B\u00fcndnis eine Kampagne.<\/p>\n<p>Susanne K\u00fchne und Anne Lautsch berichten davon, wie sie die Zusammenarbeit im Team \u201eSchule muss anders\u201c gestalten und welche Erfolge sie dadurch schon erzielt haben. Sie werden auch Einblicke dazu geben, wie sie es schaffen auch in herausfordernden (privaten) Zeiten dabei zu bleiben. Es wird zudem ausreichend Platz f\u00fcr Fragen sein. Und wer wei\u00df, vielleicht trefft auch ihr euren B\u00fcndnispartner in dieser Veranstaltung.<\/p>\n<p><strong>Susanne K\u00fchne<\/strong><\/p>\n<ul>\n<li>Presse- und \u00d6ffentlichkeitsarbeit, Fundraising<\/li>\n<li>Organisation: Schule in Not e.V.<\/li>\n<li>Bildungskampagne &#8222;Schule muss anders&#8220; und Kampagne &#8222;Saubere Schulen&#8220;<\/li>\n<\/ul>\n<p><strong>Anne Lautsch<\/strong><\/p>\n<ul>\n<li>ehrenamtliche Aktivistin<\/li>\n<li>Organisation: Berliner B\u00fcndnis f\u00fcr schulische Inklusion und Bildungskampagne Schule muss anders<\/li>\n<\/ul>\n<p>Dieser Workshop wird moderiert von Judith Kunz, LAG Selbsthilfe RLP.<\/p>\n<p>Dieser Beitrag wird (live) in DGS und Schrift \u00fcbersetzt.<\/p>\n<\/div><div class=\"modal-footer\"><button class=\"fusion-button button-default button-medium button default medium\" type=\"button\" data-dismiss=\"modal\">Schlie\u00dfen<\/button><\/div><\/div><\/div><\/div><div class=\"fusion-modal modal fade modal-17 Bildung_Schule-2030\" tabindex=\"-1\" role=\"dialog\" aria-labelledby=\"modal-heading-17\" aria-hidden=\"true\" style=\"--awb-border-color:var(--awb-color3);--awb-background:#eeeeee;\"><div class=\"modal-dialog modal-lg\" role=\"document\"><div class=\"modal-content fusion-modal-content\"><div class=\"modal-header\"><button class=\"close\" type=\"button\" data-dismiss=\"modal\" aria-hidden=\"true\" aria-label=\"Schlie\u00dfen\">&times;<\/button><h3 class=\"modal-title\" id=\"modal-heading-17\" data-dismiss=\"modal\" aria-hidden=\"true\">Die inklusive Schule in 2030<\/h3><\/div><div class=\"modal-body fusion-clearfix\">\n<p>Was muss passieren, damit wir 2030 ein Inklusives (Schul-)Bildungssystem haben? Was sind die Gelingfaktoren, wo gibt es Hemmstellen?<\/p>\n<p>Impulsvortrag von Dr. Susann Kroworsch vom Deutschen Institut f\u00fcr Menschenrechte, der Monitoringstelle zur Umsetzung der UN-BRK und anschlie\u00dfende Diskussionsrunde mit:<\/p>\n<ul>\n<li>Dr. Susann Kroworsch, Deutsches Institut f\u00fcr Menschenrechte<\/li>\n<li>Wolfgang Sp\u00e4hn, Vorstandsmitglied LAG Rheinland-Pfalz Gemeinsam Leben &#8211; Gemeinsam Lernen e.V.<\/li>\n<li>Eva-Maria Thoms, 1. Vorsitzende mittendrin e.V. K\u00f6ln<\/li>\n<li>Daniel K\u00f6bler (Sprecher f\u00fcr Inklusion, DIE GR\u00dcNEN RLP)<\/li>\n<\/ul>\n<p>Die Runde wird moderiert von Lilly Ettlich von den Sozialhelden.<\/p>\n<p>Vortrag und Diskussion werden (live) in DGS und Schrift \u00fcbersetzt.<\/p>\n<\/div><div class=\"modal-footer\"><button class=\"fusion-button button-default button-medium button default medium\" type=\"button\" data-dismiss=\"modal\">Schlie\u00dfen<\/button><\/div><\/div><\/div><\/div><div class=\"fusion-modal modal fade modal-18 Bildung_Methoden\" tabindex=\"-1\" role=\"dialog\" aria-labelledby=\"modal-heading-18\" aria-hidden=\"true\" style=\"--awb-border-color:var(--awb-color3);--awb-background:#eeeeee;\"><div class=\"modal-dialog modal-lg\" role=\"document\"><div class=\"modal-content fusion-modal-content\"><div class=\"modal-header\"><button class=\"close\" type=\"button\" data-dismiss=\"modal\" aria-hidden=\"true\" aria-label=\"Schlie\u00dfen\">&times;<\/button><h3 class=\"modal-title\" id=\"modal-heading-18\" data-dismiss=\"modal\" aria-hidden=\"true\">Nachhaltige Bildungsmethoden<\/h3><\/div><div class=\"modal-body fusion-clearfix\">\n<p>Beschreibung folgt.<\/p>\n<p>Dieser Beitrag wird (live) in DGS und Schrift \u00fcbersetzt.<\/p>\n<\/div><\/div><\/div><\/div><div class=\"fusion-modal modal fade modal-19 Bildung_Schule-RLP\" tabindex=\"-1\" role=\"dialog\" aria-labelledby=\"modal-heading-19\" aria-hidden=\"true\" style=\"--awb-border-color:var(--awb-color3);--awb-background:#eeeeee;\"><div class=\"modal-dialog modal-lg\" role=\"document\"><div class=\"modal-content fusion-modal-content\"><div class=\"modal-header\"><button class=\"close\" type=\"button\" data-dismiss=\"modal\" aria-hidden=\"true\" aria-label=\"Schlie\u00dfen\">&times;<\/button><h3 class=\"modal-title\" id=\"modal-heading-19\" data-dismiss=\"modal\" aria-hidden=\"true\">Blick auf Gelingensfaktoren f\u00fcr schulische Inklusion in Rheinland-Pfalz<\/h3><\/div><div class=\"modal-body fusion-clearfix\">\n<p>In einem moderierten Fachgespr\u00e4ch werden die Schulleitungsmitglieder der Br\u00fcder-Grimm-Schule Ingelheim und der IGS Mainz-Bretzenheim aus ihrer praktischen Arbeit an einer Schwerpunktschule in RLP berichten. Erweitert wird der Blickwinkel \u00fcber den Tellerrand von RLP hinaus durch die erfahrene Bildungsjournalistin Brigitte Schumann, die seit Jahrzehnten die Schulsysteme in Deutschland hinsichtlich ihrer ausgrenzenden Mechanismen kritisch beleuchtet. Sie k\u00f6nnen aufzeigen, welche Faktoren f\u00fcr eine erfolgreiche inklusive Schulentwicklung unabdingbar sind.<\/p>\n<p><strong>Unsere Gespr\u00e4chspartner*innen:<\/strong><\/p>\n<ul>\n<li>Lars Str\u00f6mel, Konrektor,Br\u00fcder-Grimm-Schule Ingelheim<\/li>\n<li>Katrin Herter, Didaktische Koordination IGS Mainz-Bretzenheim<\/li>\n<li>Dr. Brigitte Schumann, Bildungsjournalistin<\/li>\n<li>Elke Schott, Ministerium f\u00fcr Bildung Rheinland-Pfalz<\/li>\n<\/ul>\n<p>Das Gespr\u00e4ch wird gef\u00fchrt von <strong>Saskia Eckhardt, Eine Schule f\u00fcr alle-l\u00e4nger gemeinsam lernen e.V. <\/strong><\/p>\n<p>Der Beitrag wird moderiert von Jennifer Wrona, Autorin &amp; Grafikdesignerin.<strong><br \/>\n<\/strong><\/p>\n<p>Dieser Beitrag wird (live) in DGS und Schrift \u00fcbersetzt.<\/p>\n<p>Der Beitrag wird auch als Livestream auf unserer Homepage ver\u00f6ffentlicht.<\/p>\n<\/div><div class=\"modal-footer\"><button class=\"fusion-button button-default button-medium button default medium\" type=\"button\" data-dismiss=\"modal\">Schlie\u00dfen<\/button><\/div><\/div><\/div><\/div><div class=\"fusion-modal modal fade modal-20 Freizeit_Sport_LS\" tabindex=\"-1\" role=\"dialog\" aria-labelledby=\"modal-heading-20\" aria-hidden=\"true\" style=\"--awb-border-color:var(--awb-color3);--awb-background:#eeeeee;\"><div class=\"modal-dialog modal-lg\" role=\"document\"><div class=\"modal-content fusion-modal-content\"><div class=\"modal-header\"><button class=\"close\" type=\"button\" data-dismiss=\"modal\" aria-hidden=\"true\" aria-label=\"Schlie\u00dfen\">&times;<\/button><h3 class=\"modal-title\" id=\"modal-heading-20\" data-dismiss=\"modal\" aria-hidden=\"true\">13:00 Uhr bis 14:30 Uhr: Teilhabe im Sport Erfahrungen aus Rheinland-Pfalz (Vortrag)<\/h3><\/div><div class=\"modal-body fusion-clearfix\">\n<table style=\"height: 318px;\" width=\"803\">\n<tbody>\n<tr>\n<td width=\"302\">Sport in Rheinland-Pfalz ist f\u00fcr alle Menschen.<\/p>\n<p>F\u00fcr Menschen mit und ohne Behinderung.<\/p>\n<p>Darum haben der Landes-Sport-Bund und<br \/>\ndie Steuerungs-Gruppe Teilhabe ein Projekt gemacht:<\/p>\n<p>Inklusions-Lotsen unterst\u00fctzen Teilhabe im Sport.<\/td>\n<td width=\"302\"><img decoding=\"async\" class=\"alignnone size-medium wp-image-1691\" src=\"https:\/\/inklusiva.info\/wp-content\/uploads\/2022\/08\/sportfest-300x235.png\" alt=\"Auf einem Sportplatz mit Rennbahn und gr\u00fcner Wiese sind viele Menschen zu sehen. Drei Personen rennen auf der Rennbahn. Darum herum stehen Zuschauer. Im Hintergrund praktiziert eine Person Weitsprung, w\u00e4hrend eine andere Person mit einem Blatt Papier zusieht. Eine Person im Rollstuhl wirft einen Basketball in den Basketballkorb. Zwei Personen schauen zu.\" width=\"300\" height=\"235\" srcset=\"https:\/\/old.inklusiva.org\/wp-content\/uploads\/2022\/08\/sportfest-200x157.png 200w, https:\/\/old.inklusiva.org\/wp-content\/uploads\/2022\/08\/sportfest-300x235.png 300w, https:\/\/old.inklusiva.org\/wp-content\/uploads\/2022\/08\/sportfest-400x314.png 400w, https:\/\/old.inklusiva.org\/wp-content\/uploads\/2022\/08\/sportfest-600x471.png 600w, https:\/\/old.inklusiva.org\/wp-content\/uploads\/2022\/08\/sportfest.png 637w\" sizes=\"(max-width: 300px) 100vw, 300px\" \/><\/td>\n<\/tr>\n<tr>\n<td width=\"302\">Inklusion hei\u00dft: Teilhabe.<\/p>\n<p>Lotse hei\u00dft urspr\u00fcnglich: Seefahrer.<\/p>\n<p>Man benutzt das Wort, um zu zeigen:<br \/>\nJemand wei\u00df, wo es langgeht.<\/td>\n<td width=\"302\"><\/td>\n<\/tr>\n<tr>\n<td width=\"302\">Wir sprechen \u00fcber:<br \/>\n&#8211; die Arbeit von den Inklusions-Lotsen<br \/>\n&#8211; den Sport in Rheinland-Pfalz<br \/>\n&#8211; die Ergebnisse von dem Projekt<\/td>\n<td width=\"302\"><\/td>\n<\/tr>\n<tr>\n<td width=\"302\">Die Sprecherinnen sind:<\/p>\n<p>&#8211; Silvia Gr\u00fcnert vom Landes-Sport-Bund Rheinland-Pfalz. Sie ordnet die Aufgaben zum Thema Teilhabe.<\/p>\n<p>&#8211; Laura Trautmann von der Johannes Gutenberg-Universit\u00e4t Mainz.<br \/>\nSie arbeitet in der Abteilung Sport-Erziehungs-Wissenschaften.<\/p>\n<p>&#8211; Katja Froeschmann, Sport-Inklusions-Lotsin<\/p>\n<p>&#8211; Frauke Weller. Mitglied vom Vorstand beim Wasser-Sport-Verein Sinzig<\/td>\n<td width=\"302\"><\/td>\n<\/tr>\n<tr>\n<td width=\"302\">Das Gespr\u00e4ch gibt es in:<\/p>\n<ul>\n<li>Deutscher Geb\u00e4rdensprache<\/li>\n<li>Schrift<\/li>\n<li>vor Ort und bei Zoom<\/li>\n<\/ul>\n<\/td>\n<td width=\"302\"><img decoding=\"async\" class=\"alignnone size-medium wp-image-1683\" src=\"https:\/\/inklusiva.info\/wp-content\/uploads\/2022\/08\/gebaerdensprache-300x229.png\" alt=\"Eine Frau und ein Mann sind zu sehen. Der Mann geb\u00e4rdet f\u00fcr die Frau, beide schauen sich an.\" width=\"300\" height=\"229\" srcset=\"https:\/\/old.inklusiva.org\/wp-content\/uploads\/2022\/08\/gebaerdensprache-200x152.png 200w, https:\/\/old.inklusiva.org\/wp-content\/uploads\/2022\/08\/gebaerdensprache-300x229.png 300w, https:\/\/old.inklusiva.org\/wp-content\/uploads\/2022\/08\/gebaerdensprache-400x305.png 400w, https:\/\/old.inklusiva.org\/wp-content\/uploads\/2022\/08\/gebaerdensprache-600x457.png 600w, https:\/\/old.inklusiva.org\/wp-content\/uploads\/2022\/08\/gebaerdensprache.png 656w\" sizes=\"(max-width: 300px) 100vw, 300px\" \/><\/p>\n<p><img decoding=\"async\" class=\"alignnone size-medium wp-image-1684\" src=\"https:\/\/inklusiva.info\/wp-content\/uploads\/2022\/08\/schreiben-300x253.png\" alt=\"Eine Hand h\u00e4lt einen gr\u00fcnen Stift und schreibt Zeilen auf einem Blatt Papier.\" width=\"300\" height=\"253\" srcset=\"https:\/\/old.inklusiva.org\/wp-content\/uploads\/2022\/08\/schreiben-200x169.png 200w, https:\/\/old.inklusiva.org\/wp-content\/uploads\/2022\/08\/schreiben-300x253.png 300w, https:\/\/old.inklusiva.org\/wp-content\/uploads\/2022\/08\/schreiben-400x337.png 400w, https:\/\/old.inklusiva.org\/wp-content\/uploads\/2022\/08\/schreiben.png 593w\" sizes=\"(max-width: 300px) 100vw, 300px\" \/><\/p>\n<p><img decoding=\"async\" class=\"alignnone size-medium wp-image-1694\" src=\"https:\/\/inklusiva.info\/wp-content\/uploads\/2022\/08\/Videokonferenz-300x259.png\" alt=\"Eine Person in R\u00fcckansicht sitzt an einem Computer und tr\u00e4gt ein Headset. Auf dem Computer-Bildschirm sind Kacheln mit den Bildern weiterer Personen zu sehen.\" width=\"300\" height=\"259\" srcset=\"https:\/\/old.inklusiva.org\/wp-content\/uploads\/2022\/08\/Videokonferenz-200x172.png 200w, https:\/\/old.inklusiva.org\/wp-content\/uploads\/2022\/08\/Videokonferenz-300x259.png 300w, https:\/\/old.inklusiva.org\/wp-content\/uploads\/2022\/08\/Videokonferenz-400x345.png 400w, https:\/\/old.inklusiva.org\/wp-content\/uploads\/2022\/08\/Videokonferenz-600x517.png 600w, https:\/\/old.inklusiva.org\/wp-content\/uploads\/2022\/08\/Videokonferenz-768x662.png 768w, https:\/\/old.inklusiva.org\/wp-content\/uploads\/2022\/08\/Videokonferenz-800x690.png 800w, https:\/\/old.inklusiva.org\/wp-content\/uploads\/2022\/08\/Videokonferenz-1024x883.png 1024w, https:\/\/old.inklusiva.org\/wp-content\/uploads\/2022\/08\/Videokonferenz-1200x1034.png 1200w, https:\/\/old.inklusiva.org\/wp-content\/uploads\/2022\/08\/Videokonferenz-1320x1138.png 1320w, https:\/\/old.inklusiva.org\/wp-content\/uploads\/2022\/08\/Videokonferenz-1536x1324.png 1536w, https:\/\/old.inklusiva.org\/wp-content\/uploads\/2022\/08\/Videokonferenz.png 2008w\" sizes=\"(max-width: 300px) 100vw, 300px\" \/><\/td>\n<\/tr>\n<\/tbody>\n<\/table>\n<p>Bilder: \u00a9 Lebenshilfe f\u00fcr Menschen mit geistiger Behinderung Bremen e.V., Illustrator Stefan Albers, Atelier Fleetinsel, 2013.<\/p>\n<\/div><div class=\"modal-footer\"><button class=\"fusion-button button-default button-medium button default medium\" type=\"button\" data-dismiss=\"modal\">Schlie\u00dfen<\/button><\/div><\/div><\/div><\/div><div class=\"fusion-modal modal fade modal-21 Freizeit_Sport\" tabindex=\"-1\" role=\"dialog\" aria-labelledby=\"modal-heading-21\" aria-hidden=\"true\" style=\"--awb-border-color:var(--awb-color3);--awb-background:#eeeeee;\"><div class=\"modal-dialog modal-lg\" role=\"document\"><div class=\"modal-content fusion-modal-content\"><div class=\"modal-header\"><button class=\"close\" type=\"button\" data-dismiss=\"modal\" aria-hidden=\"true\" aria-label=\"Schlie\u00dfen\">&times;<\/button><h3 class=\"modal-title\" id=\"modal-heading-21\" data-dismiss=\"modal\" aria-hidden=\"true\">Inklusion im Sport: Ein Erfahrungsbericht aus Rheinland-Pfalz<\/h3><\/div><div class=\"modal-body fusion-clearfix\">\n<p style=\"font-weight: 400;\">Alle Menschen, mit und ohne Behinderung, sollen gleicherma\u00dfen an den Angeboten der Sportvereine in Rheinland-Pfalz teilhaben k\u00f6nnen. Mit den LSB-Inklusionslotsen hat der Landessportbund RLP, gemeinsam mit der Steuerungsgruppe Inklusion, das Sport-Inklusionslotsenprojekt ins Leben gerufen.<\/p>\n<p style=\"font-weight: 400;\">Auf der INKLUSIVA 2022 pr\u00e4sentieren wir die Erfahrungen der letzten Jahre in einem Vortrag: Wir geben einen Einblick in die organisatorischen Strukturen im rheinland-pf\u00e4lzischen Sport und berichten von der wissenschaftlich begleiteten Evaluation des Projektes. Weiterhin werden wir Beispiele aus der Praxis mitbringen, die die Aufgabe der Sport Inklusionslotsen und die Umsetzung der Inklusion im Verein anschaulich darstellen.<\/p>\n<p><strong>Unsere Teilnehmerinnen:<\/strong><\/p>\n<ul>\n<li>Silvia Gr\u00fcnert, Koordinierungsstelle Inklusion, Landessportbund RLP<\/li>\n<li>Laura Trautmann, wissenschaftliche Mitarbeiterin Abteilung Sportp\u00e4dagogik\/Sportdidaktik Johannes Gutenberg-Universit\u00e4t Mainz<\/li>\n<li>Katja Froeschmann, Sport Inklusionslotsin<\/li>\n<li>Frauke Weller, Jugendwartin WSV Sinzig<\/li>\n<\/ul>\n<p>Die Gespr\u00e4chsrunde wird moderiert von Jennifer Wrona, Autorin &amp; Grafikdesignerin.<\/p>\n<p>Dieser Beitrag wird (live) in DGS und Schrift \u00fcbersetzt.<\/p>\n<p>Der Beitrag wird auch als Livestream auf unserer Homepage ver\u00f6ffentlicht.<\/p>\n<\/div><div class=\"modal-footer\"><button class=\"fusion-button button-default button-medium button default medium\" type=\"button\" data-dismiss=\"modal\">Schlie\u00dfen<\/button><\/div><\/div><\/div><\/div><div class=\"fusion-modal modal fade modal-22 Arbeit_Seelische-Gesundheit_LS\" tabindex=\"-1\" role=\"dialog\" aria-labelledby=\"modal-heading-22\" aria-hidden=\"true\" style=\"--awb-border-color:var(--awb-color3);--awb-background:#eeeeee;\"><div class=\"modal-dialog modal-lg\" role=\"document\"><div class=\"modal-content fusion-modal-content\"><div class=\"modal-header\"><button class=\"close\" type=\"button\" data-dismiss=\"modal\" aria-hidden=\"true\" aria-label=\"Schlie\u00dfen\">&times;<\/button><h3 class=\"modal-title\" id=\"modal-heading-22\" data-dismiss=\"modal\" aria-hidden=\"true\">15:00 Uhr bis 16:30 Uhr: Seelische Gesundheit von Mitarbeitern (Gespr\u00e4chs-Runde)<\/h3><\/div><div class=\"modal-body fusion-clearfix\">\n<table style=\"height: 566px;\" width=\"834\">\n<tbody>\n<tr>\n<td width=\"302\">Bei der Arbeit gibt es oft Stress.<\/p>\n<p>Wie bleiben Mitarbeiter trotzdem seelisch gesund?<\/p>\n<p>Das fragen wir die 2 Teilnehmerinnen.<\/td>\n<td width=\"302\"><img decoding=\"async\" class=\"alignnone size-medium wp-image-1693\" src=\"https:\/\/inklusiva.info\/wp-content\/uploads\/2022\/08\/stress-300x281.png\" alt=\"Eine Person ist zu sehen. Sie schaut gestresst und hat Schwei\u00dfperlen auf der Stirn. Um ihren Kopf sieht man drei Gedankenblasen. Eine mit einer Abwasch-Situation am Waschbecken. Eine mit einem Zettel mit einer Liste von Terminen und eine Gedankenblase mit einer Frau, die gerade an der T\u00fcr klingelt.\" width=\"300\" height=\"281\" srcset=\"https:\/\/old.inklusiva.org\/wp-content\/uploads\/2022\/08\/stress-200x188.png 200w, https:\/\/old.inklusiva.org\/wp-content\/uploads\/2022\/08\/stress-300x281.png 300w, https:\/\/old.inklusiva.org\/wp-content\/uploads\/2022\/08\/stress-400x375.png 400w, https:\/\/old.inklusiva.org\/wp-content\/uploads\/2022\/08\/stress.png 533w\" sizes=\"(max-width: 300px) 100vw, 300px\" \/><\/td>\n<\/tr>\n<tr>\n<td width=\"302\">Janna C. Stark war Tier\u00e4rztin bei einer Firma f\u00fcr Medikamente.<\/p>\n<p>Dann wurde sie seelisch krank.<\/p>\n<p>Sie konnte nicht weiterarbeiten.<\/p>\n<p>Heute hat sie einen neuen Beruf:<\/p>\n<p>Sie ber\u00e4t seelisch kranke Menschen.<\/td>\n<td width=\"302\"><\/td>\n<\/tr>\n<tr>\n<td width=\"302\">Sie sagt:<br \/>\nOffenheit und Verst\u00e4ndnis sind sehr wichtig.<br \/>\nDas gilt f\u00fcr die seelisch Kranken und die Angeh\u00f6rigen.<br \/>\nDas gilt zu Hause und bei der Arbeit.<\/td>\n<td width=\"302\"><\/td>\n<\/tr>\n<tr>\n<td width=\"302\">Ruth Kremser ist vom Projekt BEMpsy.<\/p>\n<p>Bei dem Projekt wird eine Internet-Seite entwickelt.<\/td>\n<td width=\"302\"><\/td>\n<\/tr>\n<tr>\n<td width=\"302\">Das Thema ist \u201eBetriebliches Eingliederungs-Management\u201c.<\/p>\n<p>Das hei\u00dft: Jemand war lange krank und arbeitet dann wieder.<\/p>\n<p>Erst wenig und sp\u00e4ter mehr.<\/td>\n<td width=\"302\"><\/td>\n<\/tr>\n<tr>\n<td width=\"302\">Die Internet-Seite ist ein Angebot von den Arbeitgebern.<\/p>\n<p>Sie hilft Menschen mit Schwerbehinderung oder seelischer Krankheit.<\/p>\n<p>Frau Kremser stellt das Projekt vor.<\/p>\n<p>Und sie erz\u00e4hlt:<br \/>\nDas sagt die Wissenschaft \u00fcber Eingliederung.<\/td>\n<td width=\"302\"><\/td>\n<\/tr>\n<tr>\n<td width=\"302\">Das sind die Sprecherinnen:<\/p>\n<p>&#8211; Janna C. Stark, Beraterin f\u00fcr seelische Gesundheit<\/p>\n<p>&#8211; Ruth Kremser, Psychologin und wissenschaftliche Mitarbeiterin von der Gesellschaft f\u00fcr Arbeits-F\u00e4higkeit und Wohlbefinden<\/td>\n<td width=\"302\"><\/td>\n<\/tr>\n<tr>\n<td width=\"302\">Jennifer Wrona leitet das Gespr\u00e4ch. Sie ist Autorin und Grafikerin.<\/td>\n<td width=\"302\"><\/td>\n<\/tr>\n<tr>\n<td width=\"302\">Das Gespr\u00e4ch gibt es in:<\/p>\n<ul>\n<li>Deutscher Geb\u00e4rdensprache<\/li>\n<li>Schrift<\/li>\n<\/ul>\n<\/td>\n<td width=\"302\"><img decoding=\"async\" class=\"alignnone size-medium wp-image-1683\" src=\"https:\/\/inklusiva.info\/wp-content\/uploads\/2022\/08\/gebaerdensprache-300x229.png\" alt=\"Eine Frau und ein Mann sind zu sehen. Der Mann geb\u00e4rdet f\u00fcr die Frau, beide schauen sich an.\" width=\"300\" height=\"229\" srcset=\"https:\/\/old.inklusiva.org\/wp-content\/uploads\/2022\/08\/gebaerdensprache-200x152.png 200w, https:\/\/old.inklusiva.org\/wp-content\/uploads\/2022\/08\/gebaerdensprache-300x229.png 300w, https:\/\/old.inklusiva.org\/wp-content\/uploads\/2022\/08\/gebaerdensprache-400x305.png 400w, https:\/\/old.inklusiva.org\/wp-content\/uploads\/2022\/08\/gebaerdensprache-600x457.png 600w, https:\/\/old.inklusiva.org\/wp-content\/uploads\/2022\/08\/gebaerdensprache.png 656w\" sizes=\"(max-width: 300px) 100vw, 300px\" \/><\/p>\n<p><img decoding=\"async\" class=\"alignnone size-medium wp-image-1684\" src=\"https:\/\/inklusiva.info\/wp-content\/uploads\/2022\/08\/schreiben-300x253.png\" alt=\"Eine Hand h\u00e4lt einen gr\u00fcnen Stift und schreibt Zeilen auf einem Blatt Papier.\" width=\"300\" height=\"253\" srcset=\"https:\/\/old.inklusiva.org\/wp-content\/uploads\/2022\/08\/schreiben-200x169.png 200w, https:\/\/old.inklusiva.org\/wp-content\/uploads\/2022\/08\/schreiben-300x253.png 300w, https:\/\/old.inklusiva.org\/wp-content\/uploads\/2022\/08\/schreiben-400x337.png 400w, https:\/\/old.inklusiva.org\/wp-content\/uploads\/2022\/08\/schreiben.png 593w\" sizes=\"(max-width: 300px) 100vw, 300px\" \/><\/td>\n<\/tr>\n<\/tbody>\n<\/table>\n<p>Bilder: \u00a9 Lebenshilfe f\u00fcr Menschen mit geistiger Behinderung Bremen e.V., Illustrator Stefan Albers, Atelier Fleetinsel, 2013.<\/p>\n<\/div><div class=\"modal-footer\"><button class=\"fusion-button button-default button-medium button default medium\" type=\"button\" data-dismiss=\"modal\">Schlie\u00dfen<\/button><\/div><\/div><\/div><\/div><div class=\"fusion-modal modal fade modal-23 Arbeit_Seelische-Gesundheit\" tabindex=\"-1\" role=\"dialog\" aria-labelledby=\"modal-heading-23\" aria-hidden=\"true\" style=\"--awb-border-color:var(--awb-color3);--awb-background:#eeeeee;\"><div class=\"modal-dialog modal-lg\" role=\"document\"><div class=\"modal-content fusion-modal-content\"><div class=\"modal-header\"><button class=\"close\" type=\"button\" data-dismiss=\"modal\" aria-hidden=\"true\" aria-label=\"Schlie\u00dfen\">&times;<\/button><h3 class=\"modal-title\" id=\"modal-heading-23\" data-dismiss=\"modal\" aria-hidden=\"true\">Seelische Gesundheit von Mitarbeiter*innen st\u00e4rken.<\/h3><\/div><div class=\"modal-body fusion-clearfix\">\n<p>Wie bleiben Mitarbeiter*innen trotz st\u00e4ndig steigender Anforderungen am Arbeitsplatz psychisch gesund. Diese Frage stellen wir unseren Teilnehmerinnen:<\/p>\n<p>Janna C. Stark war viele Jahre als promovierte Tier\u00e4rztin erfolgreich in der pharmazeutischen Industrie t\u00e4tig, bis sie aufgrund ihrer psychischen Erkrankung ihren Traumberuf aufgeben musste. Aus der Not hat sie eine Tugend gemacht. Heute gibt sie als Mentorin f\u00fcr psychische Gesundheit ihre eigenen Erfahrungen weiter und spricht \u00fcber die Herausforderungen und Chancen, die ihren Weg begleitet haben. Aus ihrer Sicht sind Offenheit und Verst\u00e4ndnis &#8211; im Umfeld genauso wie bei den Betroffenen selbst &#8211; eine wichtige Voraussetzung f\u00fcr mehr seelische Gesundheit \u2013 auch in Unternehmen.<\/p>\n<p>Frau Ruth Kremser stellt in dieser Runde das \u00f6ffentlich gef\u00f6rderte Projekt BEMpsy vor. In diesem Projekt wird eine Webseite zum Betrieblichen Eingliederungsmanagement (BEM) entwickelt. Das BEM ist ein Angebot von Arbeitgebenden, wenn Besch\u00e4ftigte nach einer Zeit der Erkrankung an die Arbeit zur\u00fcckkehren. Im Projekt geht es vor allem um Menschen mit Schwerbehinderung oder Gleichstellung und psychische Erkrankungen. In der anschlie\u00dfenden Gespr\u00e4chsrunde wird sie Aspekte aus der wissenschaftlichen Perspektive beitragen.<\/p>\n<p><strong>Unsere Referent*innen:<\/strong><\/p>\n<ul>\n<li>Janna C.Stark, Mentorin f\u00fcr psychische Gesundheit<\/li>\n<li>Ruth Kremser, Psychologin und wissenschaftliche Mitarbeiterin der GAW gemeinn\u00fctzige Gesellschaft f\u00fcr Arbeitsf\u00e4higkeit und Wohlbefinden mbH<\/li>\n<\/ul>\n<p>Die Gespr\u00e4chsrunde wird moderiert von Jennifer Wrona, Autorin &amp; Grafikdesignerin.<\/p>\n<p>Dieser Beitrag wird (live) in DGS und Schrift \u00fcbersetzt.<\/p>\n<p>Der Beitrag wird auch als Livestream auf unserer Homepage ver\u00f6ffentlicht.<\/p>\n<\/div><div class=\"modal-footer\"><button class=\"fusion-button button-default button-medium button default medium\" type=\"button\" data-dismiss=\"modal\">Schlie\u00dfen<\/button><\/div><\/div><\/div><\/div><div class=\"fusion-modal modal fade modal-24 Arbeit_Wege\" tabindex=\"-1\" role=\"dialog\" aria-labelledby=\"modal-heading-24\" aria-hidden=\"true\" style=\"--awb-border-color:var(--awb-color3);--awb-background:#eeeeee;\"><div class=\"modal-dialog modal-lg\" role=\"document\"><div class=\"modal-content fusion-modal-content\"><div class=\"modal-header\"><button class=\"close\" type=\"button\" data-dismiss=\"modal\" aria-hidden=\"true\" aria-label=\"Schlie\u00dfen\">&times;<\/button><h3 class=\"modal-title\" id=\"modal-heading-24\" data-dismiss=\"modal\" aria-hidden=\"true\">Wege auf den ersten Arbeitsmarkt.<\/h3><\/div><div class=\"modal-body fusion-clearfix\">\n<p>Stephan Heym geht in dieser Runde mit drei Menschen ins Gespr\u00e4ch. Er interviewt sie zu ihrem Weg auf den ersten Arbeitsmarkt. Jeder bringt eine spannende Geschichte mit. Jan arbeitet heute als Pferdepfleger. Dominik arbeitet als Koch in einer Kindertagesst\u00e4tte. Lukas hat nach dem Studium ein Unternehmen gegr\u00fcndet.<\/p>\n<p>Ihr seid herzlich eingeladen eure Fragen zu stellen. Wir freuen uns auf:<\/p>\n<p>Jan Rehbein<br \/>\nDominik Porth<br \/>\nLukas Krause<\/p>\n<p>Dieser Beitrag wird (live) in DGS und Schrift \u00fcbersetzt.<\/p>\n<\/div><div class=\"modal-footer\"><button class=\"fusion-button button-default button-medium button default medium\" type=\"button\" data-dismiss=\"modal\">Schlie\u00dfen<\/button><\/div><\/div><\/div><\/div><div class=\"fusion-modal modal fade modal-25 Freizeit_SEND\" tabindex=\"-1\" role=\"dialog\" aria-labelledby=\"modal-heading-25\" aria-hidden=\"true\" style=\"--awb-border-color:var(--awb-color3);--awb-background:#eeeeee;\"><div class=\"modal-dialog modal-lg\" role=\"document\"><div class=\"modal-content fusion-modal-content\"><div class=\"modal-header\"><button class=\"close\" type=\"button\" data-dismiss=\"modal\" aria-hidden=\"true\" aria-label=\"Schlie\u00dfen\">&times;<\/button><h3 class=\"modal-title\" id=\"modal-heading-25\" data-dismiss=\"modal\" aria-hidden=\"true\">Soziale Innovation? Soziales Unternehmertum? Was hat das mit Inklusion zu tun? <\/h3><\/div><div class=\"modal-body fusion-clearfix\">\n<p>Was sind soziale Innovationen? Welche Rollen spielen sie um das Thema Inklusion voranzutreiben? Was hat das mit Sozialem Unternehmertum zu tun? Und warum macht es Sinn sich mit anderen zu vernetzen?<\/p>\n<p>Frau Johanna Rothmann ist Gr\u00fcnderin des Social Innovation Center Kaiserslautern und rheinlandpf\u00e4lzische Regionalgruppensprecherin des SEND e.V. . Neben der Vorstellung dieser beiden Organisationen, \u00a0zeigt sie uns, was man unter Sozialen Innovationen versteht und wie man damit die sozialen Herausforderungen unserer Zeit unternehmerisch l\u00f6sen kann.<\/p>\n<p><strong>Unsere Referentin:<\/strong><\/p>\n<ul>\n<li>Johanna Rothmann, Gr\u00fcnderin Social Innovation Center Kaiserslautern und Sprecherin der RLP Regionalgruppe des SEND e.V.<\/li>\n<\/ul>\n<p>Dieser Beitrag wird moderiert von Stephan Heym, ZsL Mainz.<\/p>\n<p>Dieser Beitrag wird (live) in DGS und Schrift \u00fcbersetzt.<\/p>\n<\/div><div class=\"modal-footer\"><button class=\"fusion-button button-default button-medium button default medium\" type=\"button\" data-dismiss=\"modal\">Schlie\u00dfen<\/button><\/div><\/div><\/div><\/div><div class=\"fusion-modal modal fade modal-26 Freizeit_Wohnen\" tabindex=\"-1\" role=\"dialog\" aria-labelledby=\"modal-heading-26\" aria-hidden=\"true\" style=\"--awb-border-color:var(--awb-color3);--awb-background:#eeeeee;\"><div class=\"modal-dialog modal-lg\" role=\"document\"><div class=\"modal-content fusion-modal-content\"><div class=\"modal-header\"><button class=\"close\" type=\"button\" data-dismiss=\"modal\" aria-hidden=\"true\" aria-label=\"Schlie\u00dfen\">&times;<\/button><h3 class=\"modal-title\" id=\"modal-heading-26\" data-dismiss=\"modal\" aria-hidden=\"true\">Inklusive Wohnformen<\/h3><\/div><div class=\"modal-body fusion-clearfix\">\n<p>In dieser Gespr\u00e4chsrunde werden wir \u00fcber die praktische Umsetzung von inklusiven Wohnformen sprechen. Herr Gaidosch und Frau Ramb stellen Ihre Vereine WOHN:SINN und WA(H)L e.V. vor. Beide Vereine setzen sich daf\u00fcr ein, dass Menschen mit Behinderung selbstbestimmt und selbst\u00e4ndig wohnen k\u00f6nnen. Herr Conrad begleitet dieses Gespr\u00e4ch mit seinem breiten Wissen hinsichtlich Unterst\u00fctzungsm\u00f6glichkeiten. Mit einem Blick auf m\u00f6gliche Finanzierungswege, schlie\u00dfen wir die Runde ab.<\/p>\n<p><strong>\u00dcber WOHN:SINN:<\/strong><\/p>\n<ul>\n<li>In den letzten Jahren sind die unterschiedlichsten inklusiven Wohnformen in Deutschland entstanden: Es gibt Wohngemeinschaften, Haus- und Hofgemeinschaften und sogar gro\u00dfe Quartiersprojekte. Vielfach unterst\u00fctzen Studierende ihre Mitbewohner*innen oder Nachbar*innen stundenweise im Alltag \u2013 und wohnen daf\u00fcr praktisch mietfrei oder mit einem regelm\u00e4\u00dfigen Einkommen aus der Assistenzt\u00e4tigkeit. WOHN:SINN ist ein B\u00fcndnis f\u00fcr inklusives Wohnen im deutschsprachigen Raum. Wir setzen uns daf\u00fcr ein, dass Menschen mit Behinderungen selbstbestimmt und in aktiver Gemeinschaft mit anderen leben k\u00f6nnen<strong>,<\/strong> um somit geltendes Recht aus der UN-Behindertenrechtskonvention und dem Bundesteilhabegesetz umzusetzen.<\/li>\n<\/ul>\n<p><strong>Unsere Gespr\u00e4chspartner*innen:<\/strong><\/p>\n<ul>\n<li>Gerrit Gaidosch, Vorstandsmitglied von WOHN:SINN \u2013 B\u00fcndnis f\u00fcr inklusives Wohnen e.V. und ehemaliger Berater in einer EUTB Beratungsstelle<\/li>\n<li>Magdalena Ramb, Gesch\u00e4ftsf\u00fchrerin Wohnen Arbeiten (Hilfe zum) Leben &#8211; WA(H)L e.V.<\/li>\n<li>Volker Conrad, Abteilungsleiter Soziale Hilfen, Kreisverwaltung Mainz-Bingen<\/li>\n<\/ul>\n<p>Dieser Beitrag wird moderiert von Stephan Heym, ZsL Mainz.<\/p>\n<p>Dieser Beitrag wird (live) in DGS und Schrift \u00fcbersetzt.<\/p>\n<\/div><div class=\"modal-footer\"><button class=\"fusion-button button-default button-medium button default medium\" type=\"button\" data-dismiss=\"modal\">Schlie\u00dfen<\/button><\/div><\/div><\/div><\/div><div class=\"fusion-modal modal fade modal-27 Bildung_Workshop\" tabindex=\"-1\" role=\"dialog\" aria-labelledby=\"modal-heading-27\" aria-hidden=\"true\" style=\"--awb-border-color:var(--awb-color3);--awb-background:#eeeeee;\"><div class=\"modal-dialog modal-lg\" role=\"document\"><div class=\"modal-content fusion-modal-content\"><div class=\"modal-header\"><button class=\"close\" type=\"button\" data-dismiss=\"modal\" aria-hidden=\"true\" aria-label=\"Schlie\u00dfen\">&times;<\/button><h3 class=\"modal-title\" id=\"modal-heading-27\" data-dismiss=\"modal\" aria-hidden=\"true\"><\/h3><\/div><div class=\"modal-body fusion-clearfix\">\n<p>Beschreibung folgt.<\/p>\n<p>Dieser Beitrag wird (live) in DGS und Schrift \u00fcbersetzt.<\/p>\n<\/div><div class=\"modal-footer\"><button class=\"fusion-button button-default button-medium button default medium\" type=\"button\" data-dismiss=\"modal\">Schlie\u00dfen<\/button><\/div><\/div><\/div><\/div><div class=\"fusion-modal modal fade modal-28 Mosaik_Nixklusion\" tabindex=\"-1\" role=\"dialog\" aria-labelledby=\"modal-heading-28\" aria-hidden=\"true\" style=\"--awb-border-color:var(--awb-color3);--awb-background:#eeeeee;\"><div class=\"modal-dialog modal-lg\" role=\"document\"><div class=\"modal-content fusion-modal-content\"><div class=\"modal-header\"><button class=\"close\" type=\"button\" data-dismiss=\"modal\" aria-hidden=\"true\" aria-label=\"Schlie\u00dfen\">&times;<\/button><h3 class=\"modal-title\" id=\"modal-heading-28\" data-dismiss=\"modal\" aria-hidden=\"true\">Bloglesung: Zwischen Inklusion und Nixklusion<\/h3><\/div><div class=\"modal-body fusion-clearfix\">\n<p>\u00dcber 300 Geschichten haben kirstenmalzwei.de schon ver\u00f6ffentlicht. Kirsten Ehrhardt und Kirsten Jakob, zwei M\u00fctter von S\u00f6hnen mit Behinderung, erleben Inklusives und weniger Inklusives. Jeden Montag schreiben Sie dar\u00fcber. Und der &#8222;unbekannte Illustrator&#8220; steuert seine &#8222;Nixklusionsm\u00e4nnchen&#8220; bei.<br \/>\nKirsten Ehrhardt=Kirsteneins liest ausgew\u00e4hlte Geschichten und diskutiert mit den Zuh\u00f6rer*innen.<\/p>\n<p><strong>Unsere Referentin:<\/strong><\/p>\n<ul>\n<li>Kirsten Ehrhardt, Kirsteneins bei kirstenmalzwei.de<\/li>\n<\/ul>\n<\/div><div class=\"modal-footer\"><button class=\"fusion-button button-default button-medium button default medium\" type=\"button\" data-dismiss=\"modal\">Schlie\u00dfen<\/button><\/div><\/div><\/div><\/div><div class=\"fusion-modal modal fade modal-29 Mosaik_Mutmachgeschichten_LS\" tabindex=\"-1\" role=\"dialog\" aria-labelledby=\"modal-heading-29\" aria-hidden=\"true\" style=\"--awb-border-color:var(--awb-color3);--awb-background:#eeeeee;\"><div class=\"modal-dialog modal-lg\" role=\"document\"><div class=\"modal-content fusion-modal-content\"><div class=\"modal-header\"><button class=\"close\" type=\"button\" data-dismiss=\"modal\" aria-hidden=\"true\" aria-label=\"Schlie\u00dfen\">&times;<\/button><h3 class=\"modal-title\" id=\"modal-heading-29\" data-dismiss=\"modal\" aria-hidden=\"true\">13:00 Uhr bis 14:00 Uhr: Gute Nachrichten \u00fcber Teilhabe (Gespr\u00e4chs-Runde)<\/h3><\/div><div class=\"modal-body fusion-clearfix\">\n<table style=\"height: 1041px;\" width=\"776\">\n<tbody>\n<tr>\n<td width=\"302\">Es gibt t\u00e4glich schlechte Nachrichten.<\/p>\n<p>Heute wollen wir \u00fcber gute Nachrichten sprechen.<\/p>\n<p>Wo funktioniert Teilhabe gut?<\/p>\n<p>Wo gibt es gute Projekte f\u00fcr selbstbestimmtes Leben?<\/td>\n<td width=\"302\"><img decoding=\"async\" class=\"alignnone size-medium wp-image-1692\" src=\"https:\/\/inklusiva.info\/wp-content\/uploads\/2022\/08\/zeitung-300x233.png\" alt=\"Eine zusammengeklappte Zeitung ist zu sehen. Man sieht darauf \u00dcberschriften, Zeilen und ein Titelbild.\" width=\"300\" height=\"233\" srcset=\"https:\/\/old.inklusiva.org\/wp-content\/uploads\/2022\/08\/zeitung-200x155.png 200w, https:\/\/old.inklusiva.org\/wp-content\/uploads\/2022\/08\/zeitung-300x233.png 300w, https:\/\/old.inklusiva.org\/wp-content\/uploads\/2022\/08\/zeitung-400x310.png 400w, https:\/\/old.inklusiva.org\/wp-content\/uploads\/2022\/08\/zeitung-600x465.png 600w, https:\/\/old.inklusiva.org\/wp-content\/uploads\/2022\/08\/zeitung.png 645w\" sizes=\"(max-width: 300px) 100vw, 300px\" \/><\/td>\n<\/tr>\n<tr>\n<td width=\"302\">Wir sprechen zusammen im Fishbowl-Format.<\/p>\n<p>Das ist Englisch f\u00fcr \u201eGoldfisch-Glas\u201c.<\/p>\n<p>Es hei\u00dft: Die St\u00fchle sind in mehreren Kreisen angeordnet.<\/td>\n<td width=\"302\"><\/td>\n<\/tr>\n<tr>\n<td width=\"302\">Die Leute im Inneren von dem Kreis sprechen.<\/p>\n<p>Alle anderen h\u00f6ren zu.<\/p>\n<p>Dann tauscht man die Pl\u00e4tze.<\/td>\n<td width=\"302\"><\/td>\n<\/tr>\n<tr>\n<td width=\"302\">Jeder kann \u00fcber eine gute Entwicklung bei der Teilhabe berichten.<\/p>\n<p>Wir wollen lernen: Wie kann man Teilhabe noch besser machen?<\/td>\n<td width=\"302\"><\/td>\n<\/tr>\n<tr>\n<td width=\"302\">Das Gespr\u00e4ch leitet:<br \/>\n&#8211; Ottmar Miles-Paul.<br \/>\nEr ordnet die Aufgaben von dem Projekt \u201eGute Nachrichten zur Inklusion\u201c.<br \/>\nDas Projekt ist von dem NETZWERK ARTIKEL 3<\/td>\n<td width=\"302\"><\/td>\n<\/tr>\n<\/tbody>\n<\/table>\n<p>Bilder: \u00a9 Lebenshilfe f\u00fcr Menschen mit geistiger Behinderung Bremen e.V., Illustrator Stefan Albers, Atelier Fleetinsel, 2013.<\/div><div class=\"modal-footer\"><button class=\"fusion-button button-default button-medium button default medium\" type=\"button\" data-dismiss=\"modal\">Schlie\u00dfen<\/button><\/div><\/div><\/div><\/div><div class=\"fusion-modal modal fade modal-30 Mosaik_Mutmachgeschichten\" tabindex=\"-1\" role=\"dialog\" aria-labelledby=\"modal-heading-30\" aria-hidden=\"true\" style=\"--awb-border-color:var(--awb-color3);--awb-background:#eeeeee;\"><div class=\"modal-dialog modal-lg\" role=\"document\"><div class=\"modal-content fusion-modal-content\"><div class=\"modal-header\"><button class=\"close\" type=\"button\" data-dismiss=\"modal\" aria-hidden=\"true\" aria-label=\"Schlie\u00dfen\">&times;<\/button><h3 class=\"modal-title\" id=\"modal-heading-30\" data-dismiss=\"modal\" aria-hidden=\"true\">Gute Nachrichten zur Inklusion<\/h3><\/div><div class=\"modal-body fusion-clearfix\">\n<p>T\u00e4glich werden wir von schlechten Nachrichten f\u00f6rmlich \u00fcberrannt. Bei dieser Veranstaltung geht es darum, den Blick auf das Positive zu richten. Also auf das, wo Inklusion funktioniert, wo gute Entwicklungen oder gute Projekte f\u00fcr ein selbstbestimmtes Leben behinderter Menschen mitten in der Gesellschaft geschafft wurden. Diese guten Nachrichten zur Inklusion wollen wir gemeinsam mit m\u00f6glichst vielen kurzen Beitr\u00e4gen im Fishbowl-Format suchen bzw. erarbeiten. Ottmar Miles-Paul l\u00e4dt die Teilnehmenden also ein, \u00fcber gute Entwicklungen zur Inklusion zu berichten und daraus Ideen zur Nachahmung bzw. zum Noch-Besser-Machen mitzunehmen.<\/p>\n<p><strong>Unser Referent:<\/strong><\/p>\n<ul>\n<li>Ottmar Miles-Paul, Koordinator des Projektes \u201eGute Nachrichten zur Inklusion\u201c des NETZWERK ARTIKEL 3<\/li>\n<\/ul>\n<\/div><div class=\"modal-footer\"><button class=\"fusion-button button-default button-medium button default medium\" type=\"button\" data-dismiss=\"modal\">Schlie\u00dfen<\/button><\/div><\/div><\/div><\/div><div class=\"fusion-modal modal fade modal-31 Mosaik_Filmecke\" tabindex=\"-1\" role=\"dialog\" aria-labelledby=\"modal-heading-31\" aria-hidden=\"true\" style=\"--awb-border-color:var(--awb-color3);--awb-background:#eeeeee;\"><div class=\"modal-dialog modal-lg\" role=\"document\"><div class=\"modal-content fusion-modal-content\"><div class=\"modal-header\"><button class=\"close\" type=\"button\" data-dismiss=\"modal\" aria-hidden=\"true\" aria-label=\"Schlie\u00dfen\">&times;<\/button><h3 class=\"modal-title\" id=\"modal-heading-31\" data-dismiss=\"modal\" aria-hidden=\"true\">Filmecke<\/h3><\/div><div class=\"modal-body fusion-clearfix\">\n<p>Hier werden diverse Filme gezeigt.<\/p>\n<ol>\n<li><strong>Eine Minute f\u00fcr Inklusion 2022<br \/>\n<\/strong>Ein Film der LAG Selbsthilfe Rheinland-Pfalz<\/li>\n<li><strong>Gemeinsam Kunst erleben Edition Bewegte K\u00f6rper in der Michael Horbach Stiftung<\/strong><br \/>\nEin Film von Carole Kaufmann, die KUNST der INKLUSION.<\/li>\n<li><strong>und weitere \u00dcberraschungen<\/strong><\/li>\n<\/ol>\n<h2>Zu den Filmen:<\/h2>\n<h3><strong>Eine Minute f\u00fcr Inklusion<\/strong><\/h3>\n<p>Das ist das Ergebnis der Aktion \u201eEine Minute f\u00fcr Inklusion\u201c im Rahmen der INKLUSIVA 2022!<\/p>\n<p>Wir haben Aktive im Bereich Inklusion gefragt:<\/p>\n<ul>\n<li>Wie sieht die inklusive Arbeitswelt im Jahr 2030 aus?<\/li>\n<li>Wie sieht ein inklusives Gesundheitssystem im Jahr 2030 aus?<\/li>\n<li>Wie sieht die inklusive Schule im Jahr 2030 aus?<\/li>\n<li>Wie verbringen wir im Jahr 2030 unsere Freizeit inklusiv?<\/li>\n<\/ul>\n<h3><strong>Gemeinsam Kunst erleben:<\/strong><\/h3>\n<p>Tahir, Christian Spyra, Karin Wirtz, Miriam Z\u00fcndorf,<br \/>\nvier Werkstattmitarbeiter:innen der REHA Betriebe Erftland f\u00fchren durch zwei Kunstausstellungen. In einem sechsw\u00f6chigen Workshop werden sie zu Kunstf\u00fchrer:innen f\u00fcr das Sommerblutfestival 2021 in K\u00f6ln ausgebildet.<\/p>\n<p>Gemeinsam mit ihnen und weiteren Teammitgliedern entstehen zwei Kurzfilme \u00fcber die Ausstellungen &#8222;Anthropoz\u00e4n&#8220; im Bunker K101, sowie &#8222;Bewegte K\u00f6rper&#8220; in der Michael Horbach Stiftung. Die Filme laden die Zuschauenden in die Ideen- und Gedankenwelt von Menschen mit geistiger Beeintr\u00e4chtigung ein.<\/p>\n<p>Kunstgenuss und Perspektivwechsel gehen Hand in Hand. Den Kunstf\u00fchrer:innen bietet das Angebot eine Erweiterung ihnen sonst eher verschlossenen Lebensbereichen. Hier bekommen ihre Sicht und ihre pers\u00f6nlichen Erfahrungen eine berechtigte B\u00fchne. Grundlage der wundervollen Zusammenarbeit ist die Begegnung aller Beteiligten auf Augenh\u00f6he.<\/p>\n<\/div><div class=\"modal-footer\"><button class=\"fusion-button button-default button-medium button default medium\" type=\"button\" data-dismiss=\"modal\">Schlie\u00dfen<\/button><\/div><\/div><\/div><\/div><div class=\"fusion-modal modal fade modal-32 Mosaik_dieKUNSTderINKLUSION_LS\" tabindex=\"-1\" role=\"dialog\" aria-labelledby=\"modal-heading-32\" aria-hidden=\"true\" style=\"--awb-border-color:var(--awb-color3);--awb-background:#eeeeee;\"><div class=\"modal-dialog modal-lg\" role=\"document\"><div class=\"modal-content fusion-modal-content\"><div class=\"modal-header\"><button class=\"close\" type=\"button\" data-dismiss=\"modal\" aria-hidden=\"true\" aria-label=\"Schlie\u00dfen\">&times;<\/button><h3 class=\"modal-title\" id=\"modal-heading-32\" data-dismiss=\"modal\" aria-hidden=\"true\">11:00 Uhr bis 12:30 Uhr: Teilhabe und Kunst (Arbeits-Gruppe)<\/h3><\/div><div class=\"modal-body fusion-clearfix\">\n<table style=\"height: 376px;\" width=\"804\">\n<tbody>\n<tr>\n<td width=\"302\">Carole Kaufmann erz\u00e4hlt von ihrem Projekt.<\/p>\n<p>Das Projekt hei\u00dft \u201eDie Kunst von der Teilhabe\u201c.<\/td>\n<td width=\"302\"><img decoding=\"async\" class=\"alignnone size-medium wp-image-1690\" src=\"https:\/\/inklusiva.info\/wp-content\/uploads\/2022\/08\/museum-300x246.png\" alt=\"In einem Raum mit wei\u00dfer Wand sind Kunstwerke zu sehen. Eine Skulptur steht im Vordergrund auf einem Podest. Im Mittelgrund ist eine Vitrine mit bunten Objekten zu sehen. An der Wand im Hintergrund h\u00e4ngt ein Gem\u00e4lde.\" width=\"300\" height=\"246\" srcset=\"https:\/\/old.inklusiva.org\/wp-content\/uploads\/2022\/08\/museum-200x164.png 200w, https:\/\/old.inklusiva.org\/wp-content\/uploads\/2022\/08\/museum-300x246.png 300w, https:\/\/old.inklusiva.org\/wp-content\/uploads\/2022\/08\/museum-400x328.png 400w, https:\/\/old.inklusiva.org\/wp-content\/uploads\/2022\/08\/museum-600x493.png 600w, https:\/\/old.inklusiva.org\/wp-content\/uploads\/2022\/08\/museum.png 609w\" sizes=\"(max-width: 300px) 100vw, 300px\" \/><\/td>\n<\/tr>\n<tr>\n<td width=\"302\">Die Idee von Frau Kaufmann ist:<\/p>\n<p>Menschen mit Lernschwierigkeiten arbeiten als Museums-F\u00fchrer.<\/p>\n<p>Den Beruf lernen sie in Kursen bei Frau Kaufmann.<\/td>\n<td width=\"302\"><\/td>\n<\/tr>\n<tr>\n<td width=\"302\">Wir zeigen einen Film.<\/p>\n<p>Im Film sehen wir 4 Mitarbeiter von einer Werkstatt f\u00fcr behinderte Menschen.<\/p>\n<p>Sie haben einen Kurs bei Frau Kaufmann gemacht.<\/p>\n<p>Danach haben sie Kunst-F\u00fchrungen auf dem Sommerblut-Festival gemacht.<\/td>\n<td width=\"302\"><\/td>\n<\/tr>\n<tr>\n<td width=\"302\">Nach dem Film beantwortet Frau Kaufmann Fragen.<\/p>\n<p>Und sie erz\u00e4hlt von den Kursen.<\/td>\n<td width=\"302\"><\/td>\n<\/tr>\n<tr>\n<td width=\"302\">Die Sprecherin ist:<\/p>\n<p>&#8211; Carole Kaufmann. Sie ist Erziehungs-Wissenschaftlerin.<\/p>\n<p>Und sie ist Expertin f\u00fcr Sprache und Werbung.<\/p>\n<p>Sie ist die Gr\u00fcnderin von \u201eDie Kunst von der Teilhabe\u201c.<\/td>\n<td width=\"302\"><\/td>\n<\/tr>\n<\/tbody>\n<\/table>\n<p>Bilder: \u00a9 Lebenshilfe f\u00fcr Menschen mit geistiger Behinderung Bremen e.V., Illustrator Stefan Albers, Atelier Fleetinsel, 2013.<\/p>\n<\/div><div class=\"modal-footer\"><button class=\"fusion-button button-default button-medium button default medium\" type=\"button\" data-dismiss=\"modal\">Schlie\u00dfen<\/button><\/div><\/div><\/div><\/div><div class=\"fusion-modal modal fade modal-33 Mosaik_dieKUNSTderINKLUSION\" tabindex=\"-1\" role=\"dialog\" aria-labelledby=\"modal-heading-33\" aria-hidden=\"true\" style=\"--awb-border-color:var(--awb-color3);--awb-background:#eeeeee;\"><div class=\"modal-dialog modal-lg\" role=\"document\"><div class=\"modal-content fusion-modal-content\"><div class=\"modal-header\"><button class=\"close\" type=\"button\" data-dismiss=\"modal\" aria-hidden=\"true\" aria-label=\"Schlie\u00dfen\">&times;<\/button><h3 class=\"modal-title\" id=\"modal-heading-33\" data-dismiss=\"modal\" aria-hidden=\"true\">Inklusive Kunstvermittlung<\/h3><\/div><div class=\"modal-body fusion-clearfix\">\n<p>dieKUNSTderINKLUSION m\u00f6chte Arbeitspl\u00e4tze als Museumsf\u00fchrer und Museumsf\u00fchrerinnen f\u00fcr Menschen mit Lernschwierigkeiten aufbauen. Hierf\u00fcr organisiert Frau Kaufmann Workshops und Fortbildungen. In diesem Beitrag wird ein kurzer Film gezeigt. Man sieht 4 Mitarbeiter und Mitarbeiterinnen einer Werkstatt f\u00fcr behinderte Menschen. Sie machen diese Fort- oder Weiterbildung. Am Ende der Fort- oder Weiterbildung haben Sie zwei Kunsf\u00fchrungen f\u00fcr das Sommerblutfestival gemacht. Nach dem Film beantwortet Frau Kaufmann Fragen. Und sie erz\u00e4hlt wie die Workshops aufgebaut sind.<\/p>\n<p style=\"font-weight: 400;\"><strong>Unsere Referentin:<\/strong><\/p>\n<ul>\n<li style=\"font-weight: 400;\">Carole Kaufmann, Diplom-Sozialp\u00e4dagogin und Kommunikationsdesignerin, Gr\u00fcnderin von dieKUNSTderINKLUSION<\/li>\n<\/ul>\n<\/div><div class=\"modal-footer\"><button class=\"fusion-button button-default button-medium button default medium\" type=\"button\" data-dismiss=\"modal\">Schlie\u00dfen<\/button><\/div><\/div><\/div><\/div><div class=\"fusion-clearfix\"><\/div><\/div><\/div><\/div><\/div><\/p>\n","protected":false},"excerpt":{"rendered":"","protected":false},"author":5,"featured_media":0,"parent":0,"menu_order":0,"comment_status":"closed","ping_status":"closed","template":"","meta":{"_acf_changed":false,"footnotes":""},"mt-event-group":[],"class_list":["post-2693","page","type-page","status-publish","hentry"],"acf":[],"_links":{"self":[{"href":"https:\/\/old.inklusiva.org\/ls\/wp-json\/wp\/v2\/pages\/2693","targetHints":{"allow":["GET"]}}],"collection":[{"href":"https:\/\/old.inklusiva.org\/ls\/wp-json\/wp\/v2\/pages"}],"about":[{"href":"https:\/\/old.inklusiva.org\/ls\/wp-json\/wp\/v2\/types\/page"}],"author":[{"embeddable":true,"href":"https:\/\/old.inklusiva.org\/ls\/wp-json\/wp\/v2\/users\/5"}],"replies":[{"embeddable":true,"href":"https:\/\/old.inklusiva.org\/ls\/wp-json\/wp\/v2\/comments?post=2693"}],"version-history":[{"count":1,"href":"https:\/\/old.inklusiva.org\/ls\/wp-json\/wp\/v2\/pages\/2693\/revisions"}],"predecessor-version":[{"id":2694,"href":"https:\/\/old.inklusiva.org\/ls\/wp-json\/wp\/v2\/pages\/2693\/revisions\/2694"}],"wp:attachment":[{"href":"https:\/\/old.inklusiva.org\/ls\/wp-json\/wp\/v2\/media?parent=2693"}],"wp:term":[{"taxonomy":"mt-event-group","embeddable":true,"href":"https:\/\/old.inklusiva.org\/ls\/wp-json\/wp\/v2\/mt-event-group?post=2693"}],"curies":[{"name":"wp","href":"https:\/\/api.w.org\/{rel}","templated":true}]}}